{"id":9,"date":"2020-03-09T13:41:46","date_gmt":"2020-03-09T12:41:46","guid":{"rendered":"https:\/\/fanprojekt-oldenburg.de\/?page_id=9"},"modified":"2026-07-30T15:30:07","modified_gmt":"2026-07-30T13:30:07","slug":"start","status":"publish","type":"page","link":"https:\/\/fanprojekt-oldenburg.de\/","title":{"rendered":"Startseite"},"content":{"rendered":"\t\t<div data-elementor-type=\"wp-page\" data-elementor-id=\"9\" class=\"elementor elementor-9\" data-elementor-post-type=\"page\">\n\t\t\t\t\t\t<section class=\"elementor-section elementor-top-section elementor-element elementor-element-a0e8846 elementor-section-boxed elementor-section-height-default elementor-section-height-default\" data-id=\"a0e8846\" data-element_type=\"section\" data-e-type=\"section\" data-settings=\"{&quot;background_background&quot;:&quot;classic&quot;}\">\n\t\t\t\t\t\t<div class=\"elementor-container elementor-column-gap-default\">\n\t\t\t\t\t<div class=\"elementor-column elementor-col-100 elementor-top-column elementor-element elementor-element-6624331\" data-id=\"6624331\" data-element_type=\"column\" data-e-type=\"column\" data-settings=\"{&quot;background_background&quot;:&quot;classic&quot;}\">\n\t\t\t<div class=\"elementor-widget-wrap elementor-element-populated\">\n\t\t\t\t\t\t<div class=\"elementor-element elementor-element-8bde9db elementor-widget elementor-widget-heading\" data-id=\"8bde9db\" data-element_type=\"widget\" data-e-type=\"widget\" data-widget_type=\"heading.default\">\n\t\t\t\t<div class=\"elementor-widget-container\">\n\t\t\t\t\t<h2 class=\"elementor-heading-title elementor-size-default\">Moin Leute!<\/h2>\t\t\t\t<\/div>\n\t\t\t\t<\/div>\n\t\t\t\t<div data-dce-text-color=\"#002A6B\" class=\"elementor-element elementor-element-a267f71 elementor-widget elementor-widget-text-editor\" data-id=\"a267f71\" data-element_type=\"widget\" data-e-type=\"widget\" data-widget_type=\"text-editor.default\">\n\t\t\t\t<div class=\"elementor-widget-container\">\n\t\t\t\t\t\t\t\t\t<p><strong>Sch\u00f6n, dass ihr auf unsere Website gesto\u00dfen seid! Wir als Fanprojekt Oldenburg arbeiten sozialp\u00e4dagogisch mit Fu\u00dfballfans und fu\u00dfballaffinen jungen Menschen in Oldenburg.\u00a0<\/strong><\/p><p><strong>Wollt ihr mehr \u00fcber uns und unsere Arbeit erfahren? Dann schaut euch gerne hier um oder meldet euch direkt bei uns! Wir freuen uns auf euch.<\/strong><\/p><p><strong>Nils und Svenja<\/strong><\/p>\t\t\t\t\t\t\t\t<\/div>\n\t\t\t\t<\/div>\n\t\t\t\t\t<\/div>\n\t\t<\/div>\n\t\t\t\t\t<\/div>\n\t\t<\/section>\n\t\t\t\t<section class=\"elementor-section elementor-top-section elementor-element elementor-element-9fd5e58 elementor-section-boxed elementor-section-height-default elementor-section-height-default\" data-id=\"9fd5e58\" data-element_type=\"section\" data-e-type=\"section\" data-settings=\"{&quot;background_background&quot;:&quot;gradient&quot;}\">\n\t\t\t\t\t\t<div class=\"elementor-container elementor-column-gap-default\">\n\t\t\t\t\t<div class=\"elementor-column elementor-col-100 elementor-top-column elementor-element elementor-element-632f9f4\" data-id=\"632f9f4\" data-element_type=\"column\" data-e-type=\"column\">\n\t\t\t<div class=\"elementor-widget-wrap elementor-element-populated\">\n\t\t\t\t\t\t<div class=\"elementor-element elementor-element-551ef66 elementor-widget elementor-widget-dce-dynamicposts-v2\" data-id=\"551ef66\" data-element_type=\"widget\" data-e-type=\"widget\" data-settings=\"{&quot;timeline_timeline_rowspace&quot;:{&quot;unit&quot;:&quot;px&quot;,&quot;size&quot;:&quot;&quot;,&quot;sizes&quot;:[]},&quot;timeline_timeline_rowspace_tablet&quot;:{&quot;unit&quot;:&quot;px&quot;,&quot;size&quot;:&quot;&quot;,&quot;sizes&quot;:[]},&quot;timeline_timeline_rowspace_mobile&quot;:{&quot;unit&quot;:&quot;px&quot;,&quot;size&quot;:&quot;&quot;,&quot;sizes&quot;:[]}}\" data-widget_type=\"dce-dynamicposts-v2.timeline\">\n\t\t\t\t<div class=\"elementor-widget-container\">\n\t\t\t\t\t\n\t\t<div class=\"dce-fix-background-loop dce-posts-container dce-posts dce-dynamic-posts-collection  dce-timeline js-dce-timeline dce-timeline-container dce-skin-timeline\">\n\t\t\t\t\t\t<div class=\"dce-posts-wrapper dce-timeline-wrapper dce-wrapper-timeline\">\n\t\t\t\n\t\t<div class=\"dce-timeline__block\">\n\t\t\t<div class=\"dce-timeline__img dce-timeline__img--picture dce-timeline__img--hidden\">\n\t\t\t\t\t\t\t\t\t<img decoding=\"async\" src=\"https:\/\/fanprojekt-oldenburg.de\/wp-content\/uploads\/2026\/08\/Ergebnisse-Luebeck-150x150.jpg\" alt=\"\">\n\t\t\t\t\t\t\t\t<\/div>\n\n\t\t\t<div class=\"dce-timeline__content dce-timeline__content--hidden\">\n\t\t<div class=\"dce-item dce-item_title elementor-repeater-item-9c75650\"><h4 class=\"dce-post-title\"><a href=\"https:\/\/fanprojekt-oldenburg.de\/?p=4491\">Leiser G\u00e4steblock in L\u00fcbeck &#8211; R\u00fcckblick auf das Spiel beim VfB<\/a><\/h4><\/div><div class=\"dce-item dce-item_image elementor-repeater-item-bdb3d0e\"><a class=\"dce-post-image\" href=\"https:\/\/fanprojekt-oldenburg.de\/?p=4491\"><figure  class=\"dce-img\"><img fetchpriority=\"high\" decoding=\"async\" width=\"800\" height=\"1000\" src=\"https:\/\/fanprojekt-oldenburg.de\/wp-content\/uploads\/2026\/08\/Ergebnisse-Luebeck-819x1024.jpg\" class=\"\" alt=\"Leiser G\u00e4steblock in L\u00fcbeck &#8211; R\u00fcckblick auf das Spiel beim VfB\" srcset=\"https:\/\/fanprojekt-oldenburg.de\/wp-content\/uploads\/2026\/08\/Ergebnisse-Luebeck-819x1024.jpg 819w, https:\/\/fanprojekt-oldenburg.de\/wp-content\/uploads\/2026\/08\/Ergebnisse-Luebeck-240x300.jpg 240w, https:\/\/fanprojekt-oldenburg.de\/wp-content\/uploads\/2026\/08\/Ergebnisse-Luebeck-768x960.jpg 768w, https:\/\/fanprojekt-oldenburg.de\/wp-content\/uploads\/2026\/08\/Ergebnisse-Luebeck.jpg 1080w\" sizes=\"(max-width: 800px) 100vw, 800px\" \/><\/figure><\/a><\/div><div class=\"dce-item dce-item_date elementor-repeater-item-83a80bf\">\t\t<div class=\"dce-post-date\">17\/<b>08<\/b>\/26<\/div><\/div><div class=\"dce-item dce-item_readmore elementor-repeater-item-0447559\">\t\t<div class=\"dce-post-button\">\n\t\t\t<a href=\"https:\/\/fanprojekt-oldenburg.de\/?p=4491\" class=\"elementor-button-link elementor-button dce-button elementor-size-sm\" role=\"button\" >\n\t\t\tErfahre mehr\t\t\t<\/a>\n\t\t<\/div>\n\t\t<\/div>\t\t\t<\/div>\n\t\t<\/div>\n\t\t\n\t\t<div class=\"dce-timeline__block\">\n\t\t\t<div class=\"dce-timeline__img dce-timeline__img--picture dce-timeline__img--hidden\">\n\t\t\t\t\t\t\t\t\t<img decoding=\"async\" src=\"https:\/\/fanprojekt-oldenburg.de\/wp-content\/uploads\/2026\/08\/Ergebnisse-SVW-II-1-150x150.png\" alt=\"\">\n\t\t\t\t\t\t\t\t<\/div>\n\n\t\t\t<div class=\"dce-timeline__content dce-timeline__content--hidden\">\n\t\t<div class=\"dce-item dce-item_title elementor-repeater-item-9c75650\"><h4 class=\"dce-post-title\"><a href=\"https:\/\/fanprojekt-oldenburg.de\/?p=4459\">Zwischen Ausw\u00e4rtssieg-Euphorie und Fassungslosigkeit &#8211; R\u00fcckblick auf das Spiel beim SV Werder Bremen II<\/a><\/h4><\/div><div class=\"dce-item dce-item_image elementor-repeater-item-bdb3d0e\"><a class=\"dce-post-image\" href=\"https:\/\/fanprojekt-oldenburg.de\/?p=4459\"><figure  class=\"dce-img\"><img decoding=\"async\" width=\"800\" height=\"1000\" src=\"https:\/\/fanprojekt-oldenburg.de\/wp-content\/uploads\/2026\/08\/Ergebnisse-SVW-II-1-819x1024.png\" class=\"\" alt=\"Zwischen Ausw\u00e4rtssieg-Euphorie und Fassungslosigkeit &#8211; R\u00fcckblick auf das Spiel beim SV Werder Bremen II\" srcset=\"https:\/\/fanprojekt-oldenburg.de\/wp-content\/uploads\/2026\/08\/Ergebnisse-SVW-II-1-819x1024.png 819w, https:\/\/fanprojekt-oldenburg.de\/wp-content\/uploads\/2026\/08\/Ergebnisse-SVW-II-1-240x300.png 240w, https:\/\/fanprojekt-oldenburg.de\/wp-content\/uploads\/2026\/08\/Ergebnisse-SVW-II-1-768x960.png 768w, https:\/\/fanprojekt-oldenburg.de\/wp-content\/uploads\/2026\/08\/Ergebnisse-SVW-II-1.png 1080w\" sizes=\"(max-width: 800px) 100vw, 800px\" \/><\/figure><\/a><\/div><div class=\"dce-item dce-item_date elementor-repeater-item-83a80bf\">\t\t<div class=\"dce-post-date\">10\/<b>08<\/b>\/26<\/div><\/div><div class=\"dce-item dce-item_readmore elementor-repeater-item-0447559\">\t\t<div class=\"dce-post-button\">\n\t\t\t<a href=\"https:\/\/fanprojekt-oldenburg.de\/?p=4459\" class=\"elementor-button-link elementor-button dce-button elementor-size-sm\" role=\"button\" >\n\t\t\tErfahre mehr\t\t\t<\/a>\n\t\t<\/div>\n\t\t<\/div>\t\t\t<\/div>\n\t\t<\/div>\n\t\t\n\t\t<div class=\"dce-timeline__block\">\n\t\t\t<div class=\"dce-timeline__img dce-timeline__img--picture dce-timeline__img--hidden\">\n\t\t\t\t\t\t\t\t\t<img decoding=\"async\" src=\"https:\/\/fanprojekt-oldenburg.de\/wp-content\/uploads\/2025\/09\/August-150x150.jpg\" alt=\"\">\n\t\t\t\t\t\t\t\t<\/div>\n\n\t\t\t<div class=\"dce-timeline__content dce-timeline__content--hidden\">\n\t\t<div class=\"dce-item dce-item_title elementor-repeater-item-9c75650\"><h4 class=\"dce-post-title\"><a href=\"https:\/\/fanprojekt-oldenburg.de\/?p=4441\">Programm im August<\/a><\/h4><\/div><div class=\"dce-item dce-item_image elementor-repeater-item-bdb3d0e\"><a class=\"dce-post-image\" href=\"https:\/\/fanprojekt-oldenburg.de\/?p=4441\"><figure  class=\"dce-img\"><img decoding=\"async\" width=\"800\" height=\"1000\" src=\"https:\/\/fanprojekt-oldenburg.de\/wp-content\/uploads\/2025\/09\/August-819x1024.jpg\" class=\"\" alt=\"Programm im August\" srcset=\"https:\/\/fanprojekt-oldenburg.de\/wp-content\/uploads\/2025\/09\/August-819x1024.jpg 819w, https:\/\/fanprojekt-oldenburg.de\/wp-content\/uploads\/2025\/09\/August-240x300.jpg 240w, https:\/\/fanprojekt-oldenburg.de\/wp-content\/uploads\/2025\/09\/August-768x960.jpg 768w, https:\/\/fanprojekt-oldenburg.de\/wp-content\/uploads\/2025\/09\/August.jpg 1080w\" sizes=\"(max-width: 800px) 100vw, 800px\" \/><\/figure><\/a><\/div><div class=\"dce-item dce-item_date elementor-repeater-item-83a80bf\">\t\t<div class=\"dce-post-date\">03\/<b>08<\/b>\/26<\/div><\/div><div class=\"dce-item dce-item_readmore elementor-repeater-item-0447559\">\t\t<div class=\"dce-post-button\">\n\t\t\t<a href=\"https:\/\/fanprojekt-oldenburg.de\/?p=4441\" class=\"elementor-button-link elementor-button dce-button elementor-size-sm\" role=\"button\" >\n\t\t\tErfahre mehr\t\t\t<\/a>\n\t\t<\/div>\n\t\t<\/div>\t\t\t<\/div>\n\t\t<\/div>\n\t\t\n\t\t<div class=\"dce-timeline__block\">\n\t\t\t<div class=\"dce-timeline__img dce-timeline__img--picture dce-timeline__img--hidden\">\n\t\t\t\t\t\t\t\t\t<img decoding=\"async\" src=\"https:\/\/fanprojekt-oldenburg.de\/wp-content\/uploads\/2026\/08\/Auswaertsfragebogen-150x150.jpg\" alt=\"\">\n\t\t\t\t\t\t\t\t<\/div>\n\n\t\t\t<div class=\"dce-timeline__content dce-timeline__content--hidden\">\n\t\t<div class=\"dce-item dce-item_title elementor-repeater-item-9c75650\"><h4 class=\"dce-post-title\"><a href=\"https:\/\/fanprojekt-oldenburg.de\/?p=4429\">Ausw\u00e4rtsfragebogen<\/a><\/h4><\/div><div class=\"dce-item dce-item_image elementor-repeater-item-bdb3d0e\"><a class=\"dce-post-image\" href=\"https:\/\/fanprojekt-oldenburg.de\/?p=4429\"><figure  class=\"dce-img\"><img loading=\"lazy\" decoding=\"async\" width=\"800\" height=\"1000\" src=\"https:\/\/fanprojekt-oldenburg.de\/wp-content\/uploads\/2026\/08\/Auswaertsfragebogen-819x1024.jpg\" class=\"\" alt=\"Ausw\u00e4rtsfragebogen\" srcset=\"https:\/\/fanprojekt-oldenburg.de\/wp-content\/uploads\/2026\/08\/Auswaertsfragebogen-819x1024.jpg 819w, https:\/\/fanprojekt-oldenburg.de\/wp-content\/uploads\/2026\/08\/Auswaertsfragebogen-240x300.jpg 240w, https:\/\/fanprojekt-oldenburg.de\/wp-content\/uploads\/2026\/08\/Auswaertsfragebogen-768x960.jpg 768w, https:\/\/fanprojekt-oldenburg.de\/wp-content\/uploads\/2026\/08\/Auswaertsfragebogen.jpg 1080w\" sizes=\"(max-width: 800px) 100vw, 800px\" \/><\/figure><\/a><\/div><div class=\"dce-item dce-item_date elementor-repeater-item-83a80bf\">\t\t<div class=\"dce-post-date\">31\/<b>07<\/b>\/26<\/div><\/div><div class=\"dce-item dce-item_readmore elementor-repeater-item-0447559\">\t\t<div class=\"dce-post-button\">\n\t\t\t<a href=\"https:\/\/fanprojekt-oldenburg.de\/?p=4429\" class=\"elementor-button-link elementor-button dce-button elementor-size-sm\" role=\"button\" >\n\t\t\tErfahre mehr\t\t\t<\/a>\n\t\t<\/div>\n\t\t<\/div>\t\t\t<\/div>\n\t\t<\/div>\n\t\t\n\t\t<div class=\"dce-timeline__block\">\n\t\t\t<div class=\"dce-timeline__img dce-timeline__img--picture dce-timeline__img--hidden\">\n\t\t\t\t\t\t\t\t\t<img decoding=\"async\" src=\"https:\/\/fanprojekt-oldenburg.de\/wp-content\/uploads\/2026\/07\/SVW-150x150.png\" alt=\"\">\n\t\t\t\t\t\t\t\t<\/div>\n\n\t\t\t<div class=\"dce-timeline__content dce-timeline__content--hidden\">\n\t\t<div class=\"dce-item dce-item_title elementor-repeater-item-9c75650\"><h4 class=\"dce-post-title\"><a href=\"https:\/\/fanprojekt-oldenburg.de\/?p=4420\">U23-Fahrt zum SV Werder Bremen II<\/a><\/h4><\/div><div class=\"dce-item dce-item_image elementor-repeater-item-bdb3d0e\"><a class=\"dce-post-image\" href=\"https:\/\/fanprojekt-oldenburg.de\/?p=4420\"><figure  class=\"dce-img\"><img loading=\"lazy\" decoding=\"async\" width=\"800\" height=\"1000\" src=\"https:\/\/fanprojekt-oldenburg.de\/wp-content\/uploads\/2026\/07\/SVW-819x1024.png\" class=\"\" alt=\"U23-Fahrt zum SV Werder Bremen II\" srcset=\"https:\/\/fanprojekt-oldenburg.de\/wp-content\/uploads\/2026\/07\/SVW-819x1024.png 819w, https:\/\/fanprojekt-oldenburg.de\/wp-content\/uploads\/2026\/07\/SVW-240x300.png 240w, https:\/\/fanprojekt-oldenburg.de\/wp-content\/uploads\/2026\/07\/SVW-768x960.png 768w, https:\/\/fanprojekt-oldenburg.de\/wp-content\/uploads\/2026\/07\/SVW.png 1080w\" sizes=\"(max-width: 800px) 100vw, 800px\" \/><\/figure><\/a><\/div><div class=\"dce-item dce-item_date elementor-repeater-item-83a80bf\">\t\t<div class=\"dce-post-date\">22\/<b>07<\/b>\/26<\/div><\/div><div class=\"dce-item dce-item_readmore elementor-repeater-item-0447559\">\t\t<div class=\"dce-post-button\">\n\t\t\t<a href=\"https:\/\/fanprojekt-oldenburg.de\/?p=4420\" class=\"elementor-button-link elementor-button dce-button elementor-size-sm\" role=\"button\" >\n\t\t\tErfahre mehr\t\t\t<\/a>\n\t\t<\/div>\n\t\t<\/div>\t\t\t<\/div>\n\t\t<\/div>\n\t\t\n\t\t<div class=\"dce-timeline__block\">\n\t\t\t<div class=\"dce-timeline__img dce-timeline__img--picture dce-timeline__img--hidden\">\n\t\t\t\t\t\t\t\t\t<img decoding=\"async\" src=\"https:\/\/fanprojekt-oldenburg.de\/wp-content\/uploads\/2026\/08\/Kicktipp-26-27-150x150.png\" alt=\"\">\n\t\t\t\t\t\t\t\t<\/div>\n\n\t\t\t<div class=\"dce-timeline__content dce-timeline__content--hidden\">\n\t\t<div class=\"dce-item dce-item_title elementor-repeater-item-9c75650\"><h4 class=\"dce-post-title\"><a href=\"https:\/\/fanprojekt-oldenburg.de\/?p=4410\">Neue Kicktipp-Runde<\/a><\/h4><\/div><div class=\"dce-item dce-item_image elementor-repeater-item-bdb3d0e\"><a class=\"dce-post-image\" href=\"https:\/\/fanprojekt-oldenburg.de\/?p=4410\"><figure  class=\"dce-img\"><img loading=\"lazy\" decoding=\"async\" width=\"800\" height=\"1000\" src=\"https:\/\/fanprojekt-oldenburg.de\/wp-content\/uploads\/2026\/08\/Kicktipp-26-27-819x1024.png\" class=\"\" alt=\"Neue Kicktipp-Runde\" srcset=\"https:\/\/fanprojekt-oldenburg.de\/wp-content\/uploads\/2026\/08\/Kicktipp-26-27-819x1024.png 819w, https:\/\/fanprojekt-oldenburg.de\/wp-content\/uploads\/2026\/08\/Kicktipp-26-27-240x300.png 240w, https:\/\/fanprojekt-oldenburg.de\/wp-content\/uploads\/2026\/08\/Kicktipp-26-27-768x960.png 768w, https:\/\/fanprojekt-oldenburg.de\/wp-content\/uploads\/2026\/08\/Kicktipp-26-27.png 1080w\" sizes=\"(max-width: 800px) 100vw, 800px\" \/><\/figure><\/a><\/div><div class=\"dce-item dce-item_date elementor-repeater-item-83a80bf\">\t\t<div class=\"dce-post-date\">21\/<b>07<\/b>\/26<\/div><\/div><div class=\"dce-item dce-item_readmore elementor-repeater-item-0447559\">\t\t<div class=\"dce-post-button\">\n\t\t\t<a href=\"https:\/\/fanprojekt-oldenburg.de\/?p=4410\" class=\"elementor-button-link elementor-button dce-button elementor-size-sm\" role=\"button\" >\n\t\t\tErfahre mehr\t\t\t<\/a>\n\t\t<\/div>\n\t\t<\/div>\t\t\t<\/div>\n\t\t<\/div>\n\t\t\n\t\t<div class=\"dce-timeline__block\">\n\t\t\t<div class=\"dce-timeline__img dce-timeline__img--picture dce-timeline__img--hidden\">\n\t\t\t\t\t\t\t<\/div>\n\n\t\t\t<div class=\"dce-timeline__content dce-timeline__content--hidden\">\n\t\t<div class=\"dce-item dce-item_title elementor-repeater-item-9c75650\"><h4 class=\"dce-post-title\"><a href=\"https:\/\/fanprojekt-oldenburg.de\/?p=4398\">U27-Fahrt nach G\u00fctersloh<\/a><\/h4><\/div><div class=\"dce-item dce-item_image elementor-repeater-item-bdb3d0e\"><\/div><div class=\"dce-item dce-item_date elementor-repeater-item-83a80bf\">\t\t<div class=\"dce-post-date\">15\/<b>07<\/b>\/26<\/div><\/div><div class=\"dce-item dce-item_readmore elementor-repeater-item-0447559\">\t\t<div class=\"dce-post-button\">\n\t\t\t<a href=\"https:\/\/fanprojekt-oldenburg.de\/?p=4398\" class=\"elementor-button-link elementor-button dce-button elementor-size-sm\" role=\"button\" >\n\t\t\tErfahre mehr\t\t\t<\/a>\n\t\t<\/div>\n\t\t<\/div>\t\t\t<\/div>\n\t\t<\/div>\n\t\t\n\t\t<div class=\"dce-timeline__block\">\n\t\t\t<div class=\"dce-timeline__img dce-timeline__img--picture dce-timeline__img--hidden\">\n\t\t\t\t\t\t\t\t\t<img decoding=\"async\" src=\"https:\/\/fanprojekt-oldenburg.de\/wp-content\/uploads\/2026\/08\/Hees-150x150.jpg\" alt=\"\">\n\t\t\t\t\t\t\t\t<\/div>\n\n\t\t\t<div class=\"dce-timeline__content dce-timeline__content--hidden\">\n\t\t<div class=\"dce-item dce-item_title elementor-repeater-item-9c75650\"><h4 class=\"dce-post-title\"><a href=\"https:\/\/fanprojekt-oldenburg.de\/?p=4383\">U27-Fahrt zum Heeslinger SC<\/a><\/h4><\/div><div class=\"dce-item dce-item_image elementor-repeater-item-bdb3d0e\"><a class=\"dce-post-image\" href=\"https:\/\/fanprojekt-oldenburg.de\/?p=4383\"><figure  class=\"dce-img\"><img loading=\"lazy\" decoding=\"async\" width=\"800\" height=\"1000\" src=\"https:\/\/fanprojekt-oldenburg.de\/wp-content\/uploads\/2026\/08\/Hees-819x1024.jpg\" class=\"\" alt=\"U27-Fahrt zum Heeslinger SC\" srcset=\"https:\/\/fanprojekt-oldenburg.de\/wp-content\/uploads\/2026\/08\/Hees-819x1024.jpg 819w, https:\/\/fanprojekt-oldenburg.de\/wp-content\/uploads\/2026\/08\/Hees-240x300.jpg 240w, https:\/\/fanprojekt-oldenburg.de\/wp-content\/uploads\/2026\/08\/Hees-768x960.jpg 768w, https:\/\/fanprojekt-oldenburg.de\/wp-content\/uploads\/2026\/08\/Hees.jpg 1080w\" sizes=\"(max-width: 800px) 100vw, 800px\" \/><\/figure><\/a><\/div><div class=\"dce-item dce-item_date elementor-repeater-item-83a80bf\">\t\t<div class=\"dce-post-date\">08\/<b>07<\/b>\/26<\/div><\/div><div class=\"dce-item dce-item_readmore elementor-repeater-item-0447559\">\t\t<div class=\"dce-post-button\">\n\t\t\t<a href=\"https:\/\/fanprojekt-oldenburg.de\/?p=4383\" class=\"elementor-button-link elementor-button dce-button elementor-size-sm\" role=\"button\" >\n\t\t\tErfahre mehr\t\t\t<\/a>\n\t\t<\/div>\n\t\t<\/div>\t\t\t<\/div>\n\t\t<\/div>\n\t\t\n\t\t<div class=\"dce-timeline__block\">\n\t\t\t<div class=\"dce-timeline__img dce-timeline__img--picture dce-timeline__img--hidden\">\n\t\t\t\t\t\t\t\t\t<img decoding=\"async\" src=\"https:\/\/fanprojekt-oldenburg.de\/wp-content\/uploads\/2026\/06\/Juli-150x150.png\" alt=\"\">\n\t\t\t\t\t\t\t\t<\/div>\n\n\t\t\t<div class=\"dce-timeline__content dce-timeline__content--hidden\">\n\t\t<div class=\"dce-item dce-item_title elementor-repeater-item-9c75650\"><h4 class=\"dce-post-title\"><a href=\"https:\/\/fanprojekt-oldenburg.de\/?p=4378\">Programm im Juli<\/a><\/h4><\/div><div class=\"dce-item dce-item_image elementor-repeater-item-bdb3d0e\"><a class=\"dce-post-image\" href=\"https:\/\/fanprojekt-oldenburg.de\/?p=4378\"><figure  class=\"dce-img\"><img loading=\"lazy\" decoding=\"async\" width=\"800\" height=\"1000\" src=\"https:\/\/fanprojekt-oldenburg.de\/wp-content\/uploads\/2026\/06\/Juli-819x1024.png\" class=\"\" alt=\"Programm im Juli\" srcset=\"https:\/\/fanprojekt-oldenburg.de\/wp-content\/uploads\/2026\/06\/Juli-819x1024.png 819w, https:\/\/fanprojekt-oldenburg.de\/wp-content\/uploads\/2026\/06\/Juli-240x300.png 240w, https:\/\/fanprojekt-oldenburg.de\/wp-content\/uploads\/2026\/06\/Juli-768x960.png 768w, https:\/\/fanprojekt-oldenburg.de\/wp-content\/uploads\/2026\/06\/Juli.png 1080w\" sizes=\"(max-width: 800px) 100vw, 800px\" \/><\/figure><\/a><\/div><div class=\"dce-item dce-item_date elementor-repeater-item-83a80bf\">\t\t<div class=\"dce-post-date\">01\/<b>07<\/b>\/26<\/div><\/div><div class=\"dce-item dce-item_readmore elementor-repeater-item-0447559\">\t\t<div class=\"dce-post-button\">\n\t\t\t<a href=\"https:\/\/fanprojekt-oldenburg.de\/?p=4378\" class=\"elementor-button-link elementor-button dce-button elementor-size-sm\" role=\"button\" >\n\t\t\tErfahre mehr\t\t\t<\/a>\n\t\t<\/div>\n\t\t<\/div>\t\t\t<\/div>\n\t\t<\/div>\n\t\t\n\t\t<div class=\"dce-timeline__block\">\n\t\t\t<div class=\"dce-timeline__img dce-timeline__img--picture dce-timeline__img--hidden\">\n\t\t\t\t\t\t\t<\/div>\n\n\t\t\t<div class=\"dce-timeline__content dce-timeline__content--hidden\">\n\t\t<div class=\"dce-item dce-item_title elementor-repeater-item-9c75650\"><h4 class=\"dce-post-title\"><a href=\"https:\/\/fanprojekt-oldenburg.de\/?p=4369\">Gewinner unserer Kicktipp-Runde<\/a><\/h4><\/div><div class=\"dce-item dce-item_image elementor-repeater-item-bdb3d0e\"><\/div><div class=\"dce-item dce-item_date elementor-repeater-item-83a80bf\">\t\t<div class=\"dce-post-date\">18\/<b>06<\/b>\/26<\/div><\/div><div class=\"dce-item dce-item_readmore elementor-repeater-item-0447559\">\t\t<div class=\"dce-post-button\">\n\t\t\t<a href=\"https:\/\/fanprojekt-oldenburg.de\/?p=4369\" class=\"elementor-button-link elementor-button dce-button elementor-size-sm\" role=\"button\" >\n\t\t\tErfahre mehr\t\t\t<\/a>\n\t\t<\/div>\n\t\t<\/div>\t\t\t<\/div>\n\t\t<\/div>\n\t\t\n\t\t<div class=\"dce-timeline__block\">\n\t\t\t<div class=\"dce-timeline__img dce-timeline__img--picture dce-timeline__img--hidden\">\n\t\t\t\t\t\t\t\t\t<img decoding=\"async\" src=\"https:\/\/fanprojekt-oldenburg.de\/wp-content\/uploads\/2026\/06\/Rueckblick-150x150.jpg\" alt=\"\">\n\t\t\t\t\t\t\t\t<\/div>\n\n\t\t\t<div class=\"dce-timeline__content dce-timeline__content--hidden\">\n\t\t<div class=\"dce-item dce-item_title elementor-repeater-item-9c75650\"><h4 class=\"dce-post-title\"><a href=\"https:\/\/fanprojekt-oldenburg.de\/?p=4346\">Gegengerade Festivalr\u00fcckblick 2026<\/a><\/h4><\/div><div class=\"dce-item dce-item_image elementor-repeater-item-bdb3d0e\"><a class=\"dce-post-image\" href=\"https:\/\/fanprojekt-oldenburg.de\/?p=4346\"><figure  class=\"dce-img\"><img loading=\"lazy\" decoding=\"async\" width=\"800\" height=\"1000\" src=\"https:\/\/fanprojekt-oldenburg.de\/wp-content\/uploads\/2026\/06\/Rueckblick-819x1024.jpg\" class=\"\" alt=\"Gegengerade Festivalr\u00fcckblick 2026\" srcset=\"https:\/\/fanprojekt-oldenburg.de\/wp-content\/uploads\/2026\/06\/Rueckblick-819x1024.jpg 819w, https:\/\/fanprojekt-oldenburg.de\/wp-content\/uploads\/2026\/06\/Rueckblick-240x300.jpg 240w, https:\/\/fanprojekt-oldenburg.de\/wp-content\/uploads\/2026\/06\/Rueckblick-768x960.jpg 768w, https:\/\/fanprojekt-oldenburg.de\/wp-content\/uploads\/2026\/06\/Rueckblick.jpg 1080w\" sizes=\"(max-width: 800px) 100vw, 800px\" \/><\/figure><\/a><\/div><div class=\"dce-item dce-item_date elementor-repeater-item-83a80bf\">\t\t<div class=\"dce-post-date\">08\/<b>06<\/b>\/26<\/div><\/div><div class=\"dce-item dce-item_readmore elementor-repeater-item-0447559\">\t\t<div class=\"dce-post-button\">\n\t\t\t<a href=\"https:\/\/fanprojekt-oldenburg.de\/?p=4346\" class=\"elementor-button-link elementor-button dce-button elementor-size-sm\" role=\"button\" >\n\t\t\tErfahre mehr\t\t\t<\/a>\n\t\t<\/div>\n\t\t<\/div>\t\t\t<\/div>\n\t\t<\/div>\n\t\t\n\t\t<div class=\"dce-timeline__block\">\n\t\t\t<div class=\"dce-timeline__img dce-timeline__img--picture dce-timeline__img--hidden\">\n\t\t\t\t\t\t\t\t\t<img decoding=\"async\" src=\"https:\/\/fanprojekt-oldenburg.de\/wp-content\/uploads\/2026\/06\/Juni-150x150.png\" alt=\"\">\n\t\t\t\t\t\t\t\t<\/div>\n\n\t\t\t<div class=\"dce-timeline__content dce-timeline__content--hidden\">\n\t\t<div class=\"dce-item dce-item_title elementor-repeater-item-9c75650\"><h4 class=\"dce-post-title\"><a href=\"https:\/\/fanprojekt-oldenburg.de\/?p=4333\">Monatsprogramm Juni 2026<\/a><\/h4><\/div><div class=\"dce-item dce-item_image elementor-repeater-item-bdb3d0e\"><a class=\"dce-post-image\" href=\"https:\/\/fanprojekt-oldenburg.de\/?p=4333\"><figure  class=\"dce-img\"><img loading=\"lazy\" decoding=\"async\" width=\"800\" height=\"1000\" src=\"https:\/\/fanprojekt-oldenburg.de\/wp-content\/uploads\/2026\/06\/Juni-819x1024.png\" class=\"\" alt=\"Monatsprogramm Juni 2026\" srcset=\"https:\/\/fanprojekt-oldenburg.de\/wp-content\/uploads\/2026\/06\/Juni-819x1024.png 819w, https:\/\/fanprojekt-oldenburg.de\/wp-content\/uploads\/2026\/06\/Juni-240x300.png 240w, https:\/\/fanprojekt-oldenburg.de\/wp-content\/uploads\/2026\/06\/Juni-768x960.png 768w, https:\/\/fanprojekt-oldenburg.de\/wp-content\/uploads\/2026\/06\/Juni.png 1080w\" sizes=\"(max-width: 800px) 100vw, 800px\" \/><\/figure><\/a><\/div><div class=\"dce-item dce-item_date elementor-repeater-item-83a80bf\">\t\t<div class=\"dce-post-date\">02\/<b>06<\/b>\/26<\/div><\/div><div class=\"dce-item dce-item_readmore elementor-repeater-item-0447559\">\t\t<div class=\"dce-post-button\">\n\t\t\t<a href=\"https:\/\/fanprojekt-oldenburg.de\/?p=4333\" class=\"elementor-button-link elementor-button dce-button elementor-size-sm\" role=\"button\" >\n\t\t\tErfahre mehr\t\t\t<\/a>\n\t\t<\/div>\n\t\t<\/div>\t\t\t<\/div>\n\t\t<\/div>\n\t\t\n\t\t<div class=\"dce-timeline__block\">\n\t\t\t<div class=\"dce-timeline__img dce-timeline__img--picture dce-timeline__img--hidden\">\n\t\t\t\t\t\t\t\t\t<img decoding=\"async\" src=\"https:\/\/fanprojekt-oldenburg.de\/wp-content\/uploads\/2026\/07\/Daniel-Pruess-150x150.png\" alt=\"\">\n\t\t\t\t\t\t\t\t<\/div>\n\n\t\t\t<div class=\"dce-timeline__content dce-timeline__content--hidden\">\n\t\t<div class=\"dce-item dce-item_title elementor-repeater-item-9c75650\"><h4 class=\"dce-post-title\"><a href=\"https:\/\/fanprojekt-oldenburg.de\/?p=4321\">Vortrag mit Daniel Pr\u00fc\u00df<\/a><\/h4><\/div><div class=\"dce-item dce-item_image elementor-repeater-item-bdb3d0e\"><a class=\"dce-post-image\" href=\"https:\/\/fanprojekt-oldenburg.de\/?p=4321\"><figure  class=\"dce-img\"><img loading=\"lazy\" decoding=\"async\" width=\"800\" height=\"1000\" src=\"https:\/\/fanprojekt-oldenburg.de\/wp-content\/uploads\/2026\/07\/Daniel-Pruess-819x1024.png\" class=\"\" alt=\"Vortrag mit Daniel Pr\u00fc\u00df\" srcset=\"https:\/\/fanprojekt-oldenburg.de\/wp-content\/uploads\/2026\/07\/Daniel-Pruess-819x1024.png 819w, https:\/\/fanprojekt-oldenburg.de\/wp-content\/uploads\/2026\/07\/Daniel-Pruess-240x300.png 240w, https:\/\/fanprojekt-oldenburg.de\/wp-content\/uploads\/2026\/07\/Daniel-Pruess-768x960.png 768w, https:\/\/fanprojekt-oldenburg.de\/wp-content\/uploads\/2026\/07\/Daniel-Pruess.png 1080w\" sizes=\"(max-width: 800px) 100vw, 800px\" \/><\/figure><\/a><\/div><div class=\"dce-item dce-item_date elementor-repeater-item-83a80bf\">\t\t<div class=\"dce-post-date\">28\/<b>05<\/b>\/26<\/div><\/div><div class=\"dce-item dce-item_readmore elementor-repeater-item-0447559\">\t\t<div class=\"dce-post-button\">\n\t\t\t<a href=\"https:\/\/fanprojekt-oldenburg.de\/?p=4321\" class=\"elementor-button-link elementor-button dce-button elementor-size-sm\" role=\"button\" >\n\t\t\tErfahre mehr\t\t\t<\/a>\n\t\t<\/div>\n\t\t<\/div>\t\t\t<\/div>\n\t\t<\/div>\n\t\t\n\t\t<div class=\"dce-timeline__block\">\n\t\t\t<div class=\"dce-timeline__img dce-timeline__img--picture dce-timeline__img--hidden\">\n\t\t\t\t\t\t\t\t\t<img decoding=\"async\" src=\"https:\/\/fanprojekt-oldenburg.de\/wp-content\/uploads\/2026\/05\/Ronny-Blaschke-768x1024-1-150x150.jpg\" alt=\"\">\n\t\t\t\t\t\t\t\t<\/div>\n\n\t\t\t<div class=\"dce-timeline__content dce-timeline__content--hidden\">\n\t\t<div class=\"dce-item dce-item_title elementor-repeater-item-9c75650\"><h4 class=\"dce-post-title\"><a href=\"https:\/\/fanprojekt-oldenburg.de\/?p=4297\">Vortrag mit Ronny Blaschke<\/a><\/h4><\/div><div class=\"dce-item dce-item_image elementor-repeater-item-bdb3d0e\"><a class=\"dce-post-image\" href=\"https:\/\/fanprojekt-oldenburg.de\/?p=4297\"><figure  class=\"dce-img\"><img loading=\"lazy\" decoding=\"async\" width=\"768\" height=\"1024\" src=\"https:\/\/fanprojekt-oldenburg.de\/wp-content\/uploads\/2026\/05\/Ronny-Blaschke-768x1024-1.jpg\" class=\"\" alt=\"Ronny Blaschke, 03.11.2019, Berlin, Deutschland.\" srcset=\"https:\/\/fanprojekt-oldenburg.de\/wp-content\/uploads\/2026\/05\/Ronny-Blaschke-768x1024-1.jpg 768w, https:\/\/fanprojekt-oldenburg.de\/wp-content\/uploads\/2026\/05\/Ronny-Blaschke-768x1024-1-225x300.jpg 225w\" sizes=\"(max-width: 768px) 100vw, 768px\" \/><\/figure><\/a><\/div><div class=\"dce-item dce-item_date elementor-repeater-item-83a80bf\">\t\t<div class=\"dce-post-date\">27\/<b>05<\/b>\/26<\/div><\/div><div class=\"dce-item dce-item_readmore elementor-repeater-item-0447559\">\t\t<div class=\"dce-post-button\">\n\t\t\t<a href=\"https:\/\/fanprojekt-oldenburg.de\/?p=4297\" class=\"elementor-button-link elementor-button dce-button elementor-size-sm\" role=\"button\" >\n\t\t\tErfahre mehr\t\t\t<\/a>\n\t\t<\/div>\n\t\t<\/div>\t\t\t<\/div>\n\t\t<\/div>\n\t\t\n\t\t<div class=\"dce-timeline__block\">\n\t\t\t<div class=\"dce-timeline__img dce-timeline__img--picture dce-timeline__img--hidden\">\n\t\t\t\t\t\t\t\t\t<img decoding=\"async\" src=\"https:\/\/fanprojekt-oldenburg.de\/wp-content\/uploads\/2026\/05\/aa6c698a-b936-4208-b30a-2d934200476a-150x150.jpg\" alt=\"\">\n\t\t\t\t\t\t\t\t<\/div>\n\n\t\t\t<div class=\"dce-timeline__content dce-timeline__content--hidden\">\n\t\t<div class=\"dce-item dce-item_title elementor-repeater-item-9c75650\"><h4 class=\"dce-post-title\"><a href=\"https:\/\/fanprojekt-oldenburg.de\/?p=4283\">Gegengerade Fu\u00dfballfilm-Kulturfestival Nordwest 2026<\/a><\/h4><\/div><div class=\"dce-item dce-item_image elementor-repeater-item-bdb3d0e\"><a class=\"dce-post-image\" href=\"https:\/\/fanprojekt-oldenburg.de\/?p=4283\"><figure  class=\"dce-img\"><img loading=\"lazy\" decoding=\"async\" width=\"513\" height=\"171\" src=\"https:\/\/fanprojekt-oldenburg.de\/wp-content\/uploads\/2026\/05\/aa6c698a-b936-4208-b30a-2d934200476a.jpg\" class=\"\" alt=\"Gegengerade Fu\u00dfballfilm-Kulturfestival Nordwest 2026\" srcset=\"https:\/\/fanprojekt-oldenburg.de\/wp-content\/uploads\/2026\/05\/aa6c698a-b936-4208-b30a-2d934200476a.jpg 513w, https:\/\/fanprojekt-oldenburg.de\/wp-content\/uploads\/2026\/05\/aa6c698a-b936-4208-b30a-2d934200476a-300x100.jpg 300w\" sizes=\"(max-width: 513px) 100vw, 513px\" \/><\/figure><\/a><\/div><div class=\"dce-item dce-item_date elementor-repeater-item-83a80bf\">\t\t<div class=\"dce-post-date\">21\/<b>05<\/b>\/26<\/div><\/div><div class=\"dce-item dce-item_readmore elementor-repeater-item-0447559\">\t\t<div class=\"dce-post-button\">\n\t\t\t<a href=\"https:\/\/fanprojekt-oldenburg.de\/?p=4283\" class=\"elementor-button-link elementor-button dce-button elementor-size-sm\" role=\"button\" >\n\t\t\tErfahre mehr\t\t\t<\/a>\n\t\t<\/div>\n\t\t<\/div>\t\t\t<\/div>\n\t\t<\/div>\n\t\t\n\t\t<div class=\"dce-timeline__block\">\n\t\t\t<div class=\"dce-timeline__img dce-timeline__img--picture dce-timeline__img--hidden\">\n\t\t\t\t\t\t\t\t\t<img decoding=\"async\" src=\"https:\/\/fanprojekt-oldenburg.de\/wp-content\/uploads\/2026\/05\/Mai-150x150.jpg\" alt=\"\">\n\t\t\t\t\t\t\t\t<\/div>\n\n\t\t\t<div class=\"dce-timeline__content dce-timeline__content--hidden\">\n\t\t<div class=\"dce-item dce-item_title elementor-repeater-item-9c75650\"><h4 class=\"dce-post-title\"><a href=\"https:\/\/fanprojekt-oldenburg.de\/?p=4270\">Programm Mai 2026<\/a><\/h4><\/div><div class=\"dce-item dce-item_image elementor-repeater-item-bdb3d0e\"><a class=\"dce-post-image\" href=\"https:\/\/fanprojekt-oldenburg.de\/?p=4270\"><figure  class=\"dce-img\"><img loading=\"lazy\" decoding=\"async\" width=\"800\" height=\"1000\" src=\"https:\/\/fanprojekt-oldenburg.de\/wp-content\/uploads\/2026\/05\/Mai-819x1024.jpg\" class=\"\" alt=\"Programm Mai 2026\" srcset=\"https:\/\/fanprojekt-oldenburg.de\/wp-content\/uploads\/2026\/05\/Mai-819x1024.jpg 819w, https:\/\/fanprojekt-oldenburg.de\/wp-content\/uploads\/2026\/05\/Mai-240x300.jpg 240w, https:\/\/fanprojekt-oldenburg.de\/wp-content\/uploads\/2026\/05\/Mai-768x960.jpg 768w, https:\/\/fanprojekt-oldenburg.de\/wp-content\/uploads\/2026\/05\/Mai.jpg 1080w\" sizes=\"(max-width: 800px) 100vw, 800px\" \/><\/figure><\/a><\/div><div class=\"dce-item dce-item_date elementor-repeater-item-83a80bf\">\t\t<div class=\"dce-post-date\">02\/<b>05<\/b>\/26<\/div><\/div><div class=\"dce-item dce-item_readmore elementor-repeater-item-0447559\">\t\t<div class=\"dce-post-button\">\n\t\t\t<a href=\"https:\/\/fanprojekt-oldenburg.de\/?p=4270\" class=\"elementor-button-link elementor-button dce-button elementor-size-sm\" role=\"button\" >\n\t\t\tErfahre mehr\t\t\t<\/a>\n\t\t<\/div>\n\t\t<\/div>\t\t\t<\/div>\n\t\t<\/div>\n\t\t\n\t\t<div class=\"dce-timeline__block\">\n\t\t\t<div class=\"dce-timeline__img dce-timeline__img--picture dce-timeline__img--hidden\">\n\t\t\t\t\t\t\t\t\t<img decoding=\"async\" src=\"https:\/\/fanprojekt-oldenburg.de\/wp-content\/uploads\/2026\/05\/Emden-150x150.jpg\" alt=\"\">\n\t\t\t\t\t\t\t\t<\/div>\n\n\t\t\t<div class=\"dce-timeline__content dce-timeline__content--hidden\">\n\t\t<div class=\"dce-item dce-item_title elementor-repeater-item-9c75650\"><h4 class=\"dce-post-title\"><a href=\"https:\/\/fanprojekt-oldenburg.de\/?p=4241\">U23-Fahrt nach Emden<\/a><\/h4><\/div><div class=\"dce-item dce-item_image elementor-repeater-item-bdb3d0e\"><a class=\"dce-post-image\" href=\"https:\/\/fanprojekt-oldenburg.de\/?p=4241\"><figure  class=\"dce-img\"><img loading=\"lazy\" decoding=\"async\" width=\"800\" height=\"1000\" src=\"https:\/\/fanprojekt-oldenburg.de\/wp-content\/uploads\/2026\/05\/Emden-819x1024.jpg\" class=\"\" alt=\"U23-Fahrt nach Emden\" srcset=\"https:\/\/fanprojekt-oldenburg.de\/wp-content\/uploads\/2026\/05\/Emden-819x1024.jpg 819w, https:\/\/fanprojekt-oldenburg.de\/wp-content\/uploads\/2026\/05\/Emden-240x300.jpg 240w, https:\/\/fanprojekt-oldenburg.de\/wp-content\/uploads\/2026\/05\/Emden-768x960.jpg 768w, https:\/\/fanprojekt-oldenburg.de\/wp-content\/uploads\/2026\/05\/Emden.jpg 1080w\" sizes=\"(max-width: 800px) 100vw, 800px\" \/><\/figure><\/a><\/div><div class=\"dce-item dce-item_date elementor-repeater-item-83a80bf\">\t\t<div class=\"dce-post-date\">16\/<b>04<\/b>\/26<\/div><\/div><div class=\"dce-item dce-item_readmore elementor-repeater-item-0447559\">\t\t<div class=\"dce-post-button\">\n\t\t\t<a href=\"https:\/\/fanprojekt-oldenburg.de\/?p=4241\" class=\"elementor-button-link elementor-button dce-button elementor-size-sm\" role=\"button\" >\n\t\t\tErfahre mehr\t\t\t<\/a>\n\t\t<\/div>\n\t\t<\/div>\t\t\t<\/div>\n\t\t<\/div>\n\t\t\n\t\t<div class=\"dce-timeline__block\">\n\t\t\t<div class=\"dce-timeline__img dce-timeline__img--picture dce-timeline__img--hidden\">\n\t\t\t\t\t\t\t\t\t<img decoding=\"async\" src=\"https:\/\/fanprojekt-oldenburg.de\/wp-content\/uploads\/2026\/05\/Altona-150x150.jpg\" alt=\"\">\n\t\t\t\t\t\t\t\t<\/div>\n\n\t\t\t<div class=\"dce-timeline__content dce-timeline__content--hidden\">\n\t\t<div class=\"dce-item dce-item_title elementor-repeater-item-9c75650\"><h4 class=\"dce-post-title\"><a href=\"https:\/\/fanprojekt-oldenburg.de\/?p=4234\">U23-Fahrt nach Altona<\/a><\/h4><\/div><div class=\"dce-item dce-item_image elementor-repeater-item-bdb3d0e\"><a class=\"dce-post-image\" href=\"https:\/\/fanprojekt-oldenburg.de\/?p=4234\"><figure  class=\"dce-img\"><img loading=\"lazy\" decoding=\"async\" width=\"800\" height=\"1000\" src=\"https:\/\/fanprojekt-oldenburg.de\/wp-content\/uploads\/2026\/05\/Altona-819x1024.jpg\" class=\"\" alt=\"U23-Fahrt nach Altona\" srcset=\"https:\/\/fanprojekt-oldenburg.de\/wp-content\/uploads\/2026\/05\/Altona-819x1024.jpg 819w, https:\/\/fanprojekt-oldenburg.de\/wp-content\/uploads\/2026\/05\/Altona-240x300.jpg 240w, https:\/\/fanprojekt-oldenburg.de\/wp-content\/uploads\/2026\/05\/Altona-768x960.jpg 768w, https:\/\/fanprojekt-oldenburg.de\/wp-content\/uploads\/2026\/05\/Altona.jpg 1080w\" sizes=\"(max-width: 800px) 100vw, 800px\" \/><\/figure><\/a><\/div><div class=\"dce-item dce-item_date elementor-repeater-item-83a80bf\">\t\t<div class=\"dce-post-date\">13\/<b>04<\/b>\/26<\/div><\/div><div class=\"dce-item dce-item_readmore elementor-repeater-item-0447559\">\t\t<div class=\"dce-post-button\">\n\t\t\t<a href=\"https:\/\/fanprojekt-oldenburg.de\/?p=4234\" class=\"elementor-button-link elementor-button dce-button elementor-size-sm\" role=\"button\" >\n\t\t\tErfahre mehr\t\t\t<\/a>\n\t\t<\/div>\n\t\t<\/div>\t\t\t<\/div>\n\t\t<\/div>\n\t\t\n\t\t<div class=\"dce-timeline__block\">\n\t\t\t<div class=\"dce-timeline__img dce-timeline__img--picture dce-timeline__img--hidden\">\n\t\t\t\t\t\t\t\t\t<img decoding=\"async\" src=\"https:\/\/fanprojekt-oldenburg.de\/wp-content\/uploads\/2026\/05\/D_A-150x150.jpg\" alt=\"\">\n\t\t\t\t\t\t\t\t<\/div>\n\n\t\t\t<div class=\"dce-timeline__content dce-timeline__content--hidden\">\n\t\t<div class=\"dce-item dce-item_title elementor-repeater-item-9c75650\"><h4 class=\"dce-post-title\"><a href=\"https:\/\/fanprojekt-oldenburg.de\/?p=4224\">U23-Fahrt nach Drochtersen<\/a><\/h4><\/div><div class=\"dce-item dce-item_image elementor-repeater-item-bdb3d0e\"><a class=\"dce-post-image\" href=\"https:\/\/fanprojekt-oldenburg.de\/?p=4224\"><figure  class=\"dce-img\"><img loading=\"lazy\" decoding=\"async\" width=\"800\" height=\"1000\" src=\"https:\/\/fanprojekt-oldenburg.de\/wp-content\/uploads\/2026\/05\/D_A-819x1024.jpg\" class=\"\" alt=\"U23-Fahrt nach Drochtersen\" srcset=\"https:\/\/fanprojekt-oldenburg.de\/wp-content\/uploads\/2026\/05\/D_A-819x1024.jpg 819w, https:\/\/fanprojekt-oldenburg.de\/wp-content\/uploads\/2026\/05\/D_A-240x300.jpg 240w, https:\/\/fanprojekt-oldenburg.de\/wp-content\/uploads\/2026\/05\/D_A-768x960.jpg 768w, https:\/\/fanprojekt-oldenburg.de\/wp-content\/uploads\/2026\/05\/D_A.jpg 1080w\" sizes=\"(max-width: 800px) 100vw, 800px\" \/><\/figure><\/a><\/div><div class=\"dce-item dce-item_date elementor-repeater-item-83a80bf\">\t\t<div class=\"dce-post-date\">07\/<b>04<\/b>\/26<\/div><\/div><div class=\"dce-item dce-item_readmore elementor-repeater-item-0447559\">\t\t<div class=\"dce-post-button\">\n\t\t\t<a href=\"https:\/\/fanprojekt-oldenburg.de\/?p=4224\" class=\"elementor-button-link elementor-button dce-button elementor-size-sm\" role=\"button\" >\n\t\t\tErfahre mehr\t\t\t<\/a>\n\t\t<\/div>\n\t\t<\/div>\t\t\t<\/div>\n\t\t<\/div>\n\t\t\n\t\t<div class=\"dce-timeline__block\">\n\t\t\t<div class=\"dce-timeline__img dce-timeline__img--picture dce-timeline__img--hidden\">\n\t\t\t\t\t\t\t\t\t<img decoding=\"async\" src=\"https:\/\/fanprojekt-oldenburg.de\/wp-content\/uploads\/2026\/05\/April-150x150.jpg\" alt=\"\">\n\t\t\t\t\t\t\t\t<\/div>\n\n\t\t\t<div class=\"dce-timeline__content dce-timeline__content--hidden\">\n\t\t<div class=\"dce-item dce-item_title elementor-repeater-item-9c75650\"><h4 class=\"dce-post-title\"><a href=\"https:\/\/fanprojekt-oldenburg.de\/?p=4259\">Programm April 2026<\/a><\/h4><\/div><div class=\"dce-item dce-item_image elementor-repeater-item-bdb3d0e\"><a class=\"dce-post-image\" href=\"https:\/\/fanprojekt-oldenburg.de\/?p=4259\"><figure  class=\"dce-img\"><img loading=\"lazy\" decoding=\"async\" width=\"800\" height=\"1000\" src=\"https:\/\/fanprojekt-oldenburg.de\/wp-content\/uploads\/2026\/05\/April-819x1024.jpg\" class=\"\" alt=\"Programm April 2026\" srcset=\"https:\/\/fanprojekt-oldenburg.de\/wp-content\/uploads\/2026\/05\/April-819x1024.jpg 819w, https:\/\/fanprojekt-oldenburg.de\/wp-content\/uploads\/2026\/05\/April-240x300.jpg 240w, https:\/\/fanprojekt-oldenburg.de\/wp-content\/uploads\/2026\/05\/April-768x960.jpg 768w, https:\/\/fanprojekt-oldenburg.de\/wp-content\/uploads\/2026\/05\/April.jpg 1080w\" sizes=\"(max-width: 800px) 100vw, 800px\" \/><\/figure><\/a><\/div><div class=\"dce-item dce-item_date elementor-repeater-item-83a80bf\">\t\t<div class=\"dce-post-date\">31\/<b>03<\/b>\/26<\/div><\/div><div class=\"dce-item dce-item_readmore elementor-repeater-item-0447559\">\t\t<div class=\"dce-post-button\">\n\t\t\t<a href=\"https:\/\/fanprojekt-oldenburg.de\/?p=4259\" class=\"elementor-button-link elementor-button dce-button elementor-size-sm\" role=\"button\" >\n\t\t\tErfahre mehr\t\t\t<\/a>\n\t\t<\/div>\n\t\t<\/div>\t\t\t<\/div>\n\t\t<\/div>\n\t\t\t\t\t<\/div>\n\t\t\t\t\t<\/div>\n\t\t\t\t\t\t<\/div>\n\t\t\t\t<\/div>\n\t\t\t\t\t<\/div>\n\t\t<\/div>\n\t\t\t\t\t<\/div>\n\t\t<\/section>\n\t\t\t\t<\/div>\n\t\t","protected":false},"excerpt":{"rendered":"<p>Moin Leute! Sch\u00f6n, dass ihr auf unsere Website gesto\u00dfen seid! Wir als Fanprojekt Oldenburg arbeiten sozialp\u00e4dagogisch mit Fu\u00dfballfans und fu\u00dfballaffinen jungen Menschen in Oldenburg.\u00a0 Wollt ihr mehr \u00fcber uns und unsere Arbeit erfahren? Dann schaut euch gerne hier um oder meldet euch direkt bei uns! Wir freuen uns auf euch. Nils und Svenja Gegengerade Fu\u00dfballfilm-Kulturfestival [&hellip;]<\/p>\n","protected":false},"author":1,"featured_media":3291,"parent":0,"menu_order":0,"comment_status":"closed","ping_status":"closed","template":"","meta":{"_acf_changed":false,"footnotes":""},"class_list":["post-9","page","type-page","status-publish","has-post-thumbnail","hentry"],"acf":[],"yoast_head":"<!-- This site is optimized with the Yoast SEO plugin v28.4 - https:\/\/yoast.com\/product\/yoast-seo-wordpress\/ -->\n<title>Fanprojekt der Stadt Oldenburg \u2013 Startseite<\/title>\n<meta name=\"description\" content=\"Das Fanprojekt Oldenburg arbeitet sozialp\u00e4dagogisch mit Fu\u00dfballfans und fu\u00dfballaffinen jungen Menschen in Oldenburg.\" \/>\n<meta name=\"robots\" content=\"index, follow, max-snippet:-1, max-image-preview:large, max-video-preview:-1\" \/>\n<link rel=\"canonical\" href=\"https:\/\/fanprojekt-oldenburg.de\/\" \/>\n<meta property=\"og:locale\" content=\"de_DE\" \/>\n<meta property=\"og:type\" content=\"article\" \/>\n<meta property=\"og:title\" content=\"Fanprojekt der Stadt Oldenburg \u2013 Startseite\" \/>\n<meta property=\"og:description\" content=\"Das Fanprojekt Oldenburg arbeitet sozialp\u00e4dagogisch mit Fu\u00dfballfans und fu\u00dfballaffinen jungen Menschen in Oldenburg.\" \/>\n<meta property=\"og:url\" content=\"https:\/\/fanprojekt-oldenburg.de\/\" \/>\n<meta property=\"og:site_name\" content=\"Fanprojekt Oldenburg\" \/>\n<meta property=\"article:modified_time\" content=\"2026-07-30T13:30:07+00:00\" \/>\n<meta property=\"og:image\" content=\"https:\/\/fanprojekt-oldenburg.de\/wp-content\/uploads\/2020\/03\/Neues-Logo.jpg\" \/>\n\t<meta property=\"og:image:width\" content=\"512\" \/>\n\t<meta property=\"og:image:height\" content=\"512\" \/>\n\t<meta property=\"og:image:type\" content=\"image\/jpeg\" \/>\n<meta name=\"twitter:card\" content=\"summary_large_image\" \/>\n<meta name=\"twitter:label1\" content=\"Gesch\u00e4tzte Lesezeit\" \/>\n\t<meta name=\"twitter:data1\" content=\"10\u00a0Minuten\" \/>\n<script type=\"application\/ld+json\" class=\"yoast-schema-graph\">{\"@context\":\"https:\\\/\\\/schema.org\",\"@graph\":[{\"@type\":\"WebPage\",\"@id\":\"https:\\\/\\\/fanprojekt-oldenburg.de\\\/\",\"url\":\"https:\\\/\\\/fanprojekt-oldenburg.de\\\/\",\"name\":\"Fanprojekt der Stadt Oldenburg \u2013 Startseite\",\"isPartOf\":{\"@id\":\"https:\\\/\\\/fanprojekt-oldenburg.de\\\/#website\"},\"primaryImageOfPage\":{\"@id\":\"https:\\\/\\\/fanprojekt-oldenburg.de\\\/#primaryimage\"},\"image\":{\"@id\":\"https:\\\/\\\/fanprojekt-oldenburg.de\\\/#primaryimage\"},\"thumbnailUrl\":\"https:\\\/\\\/fanprojekt-oldenburg.de\\\/wp-content\\\/uploads\\\/2020\\\/03\\\/Neues-Logo.jpg\",\"datePublished\":\"2020-03-09T12:41:46+00:00\",\"dateModified\":\"2026-07-30T13:30:07+00:00\",\"description\":\"Das Fanprojekt Oldenburg arbeitet sozialp\u00e4dagogisch mit Fu\u00dfballfans und fu\u00dfballaffinen jungen Menschen in Oldenburg.\",\"breadcrumb\":{\"@id\":\"https:\\\/\\\/fanprojekt-oldenburg.de\\\/#breadcrumb\"},\"inLanguage\":\"de\",\"potentialAction\":[{\"@type\":\"ReadAction\",\"target\":[\"https:\\\/\\\/fanprojekt-oldenburg.de\\\/\"]}]},{\"@type\":\"ImageObject\",\"inLanguage\":\"de\",\"@id\":\"https:\\\/\\\/fanprojekt-oldenburg.de\\\/#primaryimage\",\"url\":\"https:\\\/\\\/fanprojekt-oldenburg.de\\\/wp-content\\\/uploads\\\/2020\\\/03\\\/Neues-Logo.jpg\",\"contentUrl\":\"https:\\\/\\\/fanprojekt-oldenburg.de\\\/wp-content\\\/uploads\\\/2020\\\/03\\\/Neues-Logo.jpg\",\"width\":512,\"height\":512},{\"@type\":\"BreadcrumbList\",\"@id\":\"https:\\\/\\\/fanprojekt-oldenburg.de\\\/#breadcrumb\",\"itemListElement\":[{\"@type\":\"ListItem\",\"position\":1,\"name\":\"Startseite\",\"item\":\"https:\\\/\\\/fanprojekt-oldenburg.de\\\/\"},{\"@type\":\"ListItem\",\"position\":2,\"name\":\"Startseite\"}]},{\"@type\":\"WebSite\",\"@id\":\"https:\\\/\\\/fanprojekt-oldenburg.de\\\/#website\",\"url\":\"https:\\\/\\\/fanprojekt-oldenburg.de\\\/\",\"name\":\"Fanprojekt Oldenburg\",\"description\":\"Soziale Arbeit mit Fu\u00dfballfans in Oldenburg\",\"publisher\":{\"@id\":\"https:\\\/\\\/fanprojekt-oldenburg.de\\\/#organization\"},\"potentialAction\":[{\"@type\":\"SearchAction\",\"target\":{\"@type\":\"EntryPoint\",\"urlTemplate\":\"https:\\\/\\\/fanprojekt-oldenburg.de\\\/?s={search_term_string}\"},\"query-input\":{\"@type\":\"PropertyValueSpecification\",\"valueRequired\":true,\"valueName\":\"search_term_string\"}}],\"inLanguage\":\"de\"},{\"@type\":\"Organization\",\"@id\":\"https:\\\/\\\/fanprojekt-oldenburg.de\\\/#organization\",\"name\":\"Fanprojekt Oldenburg\",\"url\":\"https:\\\/\\\/fanprojekt-oldenburg.de\\\/\",\"logo\":{\"@type\":\"ImageObject\",\"inLanguage\":\"de\",\"@id\":\"https:\\\/\\\/fanprojekt-oldenburg.de\\\/#\\\/schema\\\/logo\\\/image\\\/\",\"url\":\"https:\\\/\\\/fanprojekt-oldenburg.de\\\/wp-content\\\/uploads\\\/2020\\\/09\\\/apple-touch-icon.png\",\"contentUrl\":\"https:\\\/\\\/fanprojekt-oldenburg.de\\\/wp-content\\\/uploads\\\/2020\\\/09\\\/apple-touch-icon.png\",\"width\":512,\"height\":512,\"caption\":\"Fanprojekt Oldenburg\"},\"image\":{\"@id\":\"https:\\\/\\\/fanprojekt-oldenburg.de\\\/#\\\/schema\\\/logo\\\/image\\\/\"},\"sameAs\":[\"https:\\\/\\\/www.instagram.com\\\/fanprojekt_oldenburg\\\/\"]}]}<\/script>\n<!-- \/ Yoast SEO plugin. -->","yoast_head_json":{"title":"Fanprojekt der Stadt Oldenburg \u2013 Startseite","description":"Das Fanprojekt Oldenburg arbeitet sozialp\u00e4dagogisch mit Fu\u00dfballfans und fu\u00dfballaffinen jungen Menschen in Oldenburg.","robots":{"index":"index","follow":"follow","max-snippet":"max-snippet:-1","max-image-preview":"max-image-preview:large","max-video-preview":"max-video-preview:-1"},"canonical":"https:\/\/fanprojekt-oldenburg.de\/","og_locale":"de_DE","og_type":"article","og_title":"Fanprojekt der Stadt Oldenburg \u2013 Startseite","og_description":"Das Fanprojekt Oldenburg arbeitet sozialp\u00e4dagogisch mit Fu\u00dfballfans und fu\u00dfballaffinen jungen Menschen in Oldenburg.","og_url":"https:\/\/fanprojekt-oldenburg.de\/","og_site_name":"Fanprojekt Oldenburg","article_modified_time":"2026-07-30T13:30:07+00:00","og_image":[{"width":512,"height":512,"url":"https:\/\/fanprojekt-oldenburg.de\/wp-content\/uploads\/2020\/03\/Neues-Logo.jpg","type":"image\/jpeg"}],"twitter_card":"summary_large_image","twitter_misc":{"Gesch\u00e4tzte Lesezeit":"10\u00a0Minuten"},"schema":{"@context":"https:\/\/schema.org","@graph":[{"@type":"WebPage","@id":"https:\/\/fanprojekt-oldenburg.de\/","url":"https:\/\/fanprojekt-oldenburg.de\/","name":"Fanprojekt der Stadt Oldenburg \u2013 Startseite","isPartOf":{"@id":"https:\/\/fanprojekt-oldenburg.de\/#website"},"primaryImageOfPage":{"@id":"https:\/\/fanprojekt-oldenburg.de\/#primaryimage"},"image":{"@id":"https:\/\/fanprojekt-oldenburg.de\/#primaryimage"},"thumbnailUrl":"https:\/\/fanprojekt-oldenburg.de\/wp-content\/uploads\/2020\/03\/Neues-Logo.jpg","datePublished":"2020-03-09T12:41:46+00:00","dateModified":"2026-07-30T13:30:07+00:00","description":"Das Fanprojekt Oldenburg arbeitet sozialp\u00e4dagogisch mit Fu\u00dfballfans und fu\u00dfballaffinen jungen Menschen in Oldenburg.","breadcrumb":{"@id":"https:\/\/fanprojekt-oldenburg.de\/#breadcrumb"},"inLanguage":"de","potentialAction":[{"@type":"ReadAction","target":["https:\/\/fanprojekt-oldenburg.de\/"]}]},{"@type":"ImageObject","inLanguage":"de","@id":"https:\/\/fanprojekt-oldenburg.de\/#primaryimage","url":"https:\/\/fanprojekt-oldenburg.de\/wp-content\/uploads\/2020\/03\/Neues-Logo.jpg","contentUrl":"https:\/\/fanprojekt-oldenburg.de\/wp-content\/uploads\/2020\/03\/Neues-Logo.jpg","width":512,"height":512},{"@type":"BreadcrumbList","@id":"https:\/\/fanprojekt-oldenburg.de\/#breadcrumb","itemListElement":[{"@type":"ListItem","position":1,"name":"Startseite","item":"https:\/\/fanprojekt-oldenburg.de\/"},{"@type":"ListItem","position":2,"name":"Startseite"}]},{"@type":"WebSite","@id":"https:\/\/fanprojekt-oldenburg.de\/#website","url":"https:\/\/fanprojekt-oldenburg.de\/","name":"Fanprojekt Oldenburg","description":"Soziale Arbeit mit Fu\u00dfballfans in Oldenburg","publisher":{"@id":"https:\/\/fanprojekt-oldenburg.de\/#organization"},"potentialAction":[{"@type":"SearchAction","target":{"@type":"EntryPoint","urlTemplate":"https:\/\/fanprojekt-oldenburg.de\/?s={search_term_string}"},"query-input":{"@type":"PropertyValueSpecification","valueRequired":true,"valueName":"search_term_string"}}],"inLanguage":"de"},{"@type":"Organization","@id":"https:\/\/fanprojekt-oldenburg.de\/#organization","name":"Fanprojekt Oldenburg","url":"https:\/\/fanprojekt-oldenburg.de\/","logo":{"@type":"ImageObject","inLanguage":"de","@id":"https:\/\/fanprojekt-oldenburg.de\/#\/schema\/logo\/image\/","url":"https:\/\/fanprojekt-oldenburg.de\/wp-content\/uploads\/2020\/09\/apple-touch-icon.png","contentUrl":"https:\/\/fanprojekt-oldenburg.de\/wp-content\/uploads\/2020\/09\/apple-touch-icon.png","width":512,"height":512,"caption":"Fanprojekt Oldenburg"},"image":{"@id":"https:\/\/fanprojekt-oldenburg.de\/#\/schema\/logo\/image\/"},"sameAs":["https:\/\/www.instagram.com\/fanprojekt_oldenburg\/"]}]}},"_links":{"self":[{"href":"https:\/\/fanprojekt-oldenburg.de\/index.php?rest_route=\/wp\/v2\/pages\/9","targetHints":{"allow":["GET"]}}],"collection":[{"href":"https:\/\/fanprojekt-oldenburg.de\/index.php?rest_route=\/wp\/v2\/pages"}],"about":[{"href":"https:\/\/fanprojekt-oldenburg.de\/index.php?rest_route=\/wp\/v2\/types\/page"}],"author":[{"embeddable":true,"href":"https:\/\/fanprojekt-oldenburg.de\/index.php?rest_route=\/wp\/v2\/users\/1"}],"replies":[{"embeddable":true,"href":"https:\/\/fanprojekt-oldenburg.de\/index.php?rest_route=%2Fwp%2Fv2%2Fcomments&post=9"}],"version-history":[{"count":23,"href":"https:\/\/fanprojekt-oldenburg.de\/index.php?rest_route=\/wp\/v2\/pages\/9\/revisions"}],"predecessor-version":[{"id":4296,"href":"https:\/\/fanprojekt-oldenburg.de\/index.php?rest_route=\/wp\/v2\/pages\/9\/revisions\/4296"}],"wp:featuredmedia":[{"embeddable":true,"href":"https:\/\/fanprojekt-oldenburg.de\/index.php?rest_route=\/wp\/v2\/media\/3291"}],"wp:attachment":[{"href":"https:\/\/fanprojekt-oldenburg.de\/index.php?rest_route=%2Fwp%2Fv2%2Fmedia&parent=9"}],"curies":[{"name":"wp","href":"https:\/\/api.w.org\/{rel}","templated":true}]}}