{"id":195,"date":"2020-03-10T14:54:53","date_gmt":"2020-03-10T13:54:53","guid":{"rendered":"https:\/\/fanprojekt-oldenburg.de\/?page_id=195"},"modified":"2024-08-06T14:05:44","modified_gmt":"2024-08-06T12:05:44","slug":"aktionen","status":"publish","type":"page","link":"https:\/\/fanprojekt-oldenburg.de\/?page_id=195","title":{"rendered":"Aktionen"},"content":{"rendered":"\t\t<div data-elementor-type=\"wp-page\" data-elementor-id=\"195\" class=\"elementor elementor-195\" data-elementor-post-type=\"page\">\n\t\t\t\t\t\t<section class=\"elementor-section elementor-top-section elementor-element elementor-element-3e6bfb5 elementor-section-boxed elementor-section-height-default elementor-section-height-default\" data-id=\"3e6bfb5\" data-element_type=\"section\" data-e-type=\"section\">\n\t\t\t\t\t\t<div class=\"elementor-container elementor-column-gap-default\">\n\t\t\t\t\t<div class=\"elementor-column elementor-col-100 elementor-top-column elementor-element elementor-element-b6658d8\" data-id=\"b6658d8\" data-element_type=\"column\" data-e-type=\"column\">\n\t\t\t<div class=\"elementor-widget-wrap elementor-element-populated\">\n\t\t\t\t\t\t<div class=\"elementor-element elementor-element-3528f41 elementor-widget elementor-widget-text-editor\" data-id=\"3528f41\" data-element_type=\"widget\" data-e-type=\"widget\" data-widget_type=\"text-editor.default\">\n\t\t\t\t<div class=\"elementor-widget-container\">\n\t\t\t\t\t\t\t\t\t<p>Hier findet ihr alle Aktionen, die wir geplant und durchgef\u00fchrt haben oder noch durchf\u00fchren wollen sowie die Monatsprogramme.<br \/>Die oberste Aktion ist dabei die aktuellste und fand vermutlich noch nicht einmal statt.\u00a0<\/p><p>Also immer flei\u00dfig vorbeischauen und auf dem Laufenden bleiben!\u00a0<\/p>\t\t\t\t\t\t\t\t<\/div>\n\t\t\t\t<\/div>\n\t\t\t\t<div class=\"elementor-element elementor-element-7576fde dce-posts-layout-alternate dce-col-1 dce-col-tablet-1 dce-align-center dce-col-mobile-1 elementor-widget elementor-widget-dce-dynamicposts-v2\" data-id=\"7576fde\" data-element_type=\"widget\" data-e-type=\"widget\" data-settings=\"{&quot;style_items&quot;:&quot;alternate&quot;,&quot;grid_grid_type&quot;:&quot;flex&quot;}\" data-widget_type=\"dce-dynamicposts-v2.grid\">\n\t\t\t\t<div class=\"elementor-widget-container\">\n\t\t\t\t\t\n\t\t<div class=\"dce-fix-background-loop dce-posts-container dce-posts dce-dynamic-posts-collection  dce-skin-grid dce-skin-grid-flex\">\n\t\t\t\t\t\t<div class=\"dce-posts-wrapper dce-wrapper-grid\">\n\t\t\t\n\t\t<article class=\"post-4491 post type-post status-publish format-standard has-post-thumbnail hentry category-aktion category-allgemein category-news tag-auswaertsfahrt tag-auswaertsfragebogen tag-auswaertsspiel tag-fanprojekt-oldenburg tag-gaesteblock tag-regionalliga-nord tag-soziale-arbeit-mit-fussballfans tag-stimmen-der-fans tag-u-23-fahrt tag-vfb-luebeck tag-vfb-oldenburg dce-post dce-post-item dce-item-grid\" data-dce-post-id=\"4491\" data-dce-post-index=\"0\">\n\t\t\t<div class=\"dce-post-block\">\n\t\t<div class=\"dce-image-area dce-item-area\"><div class=\"dce-item dce-item_image elementor-repeater-item-1cc354e\"><a class=\"dce-post-image\" href=\"https:\/\/fanprojekt-oldenburg.de\/?p=4491\"><figure  class=\"dce-img\"><img fetchpriority=\"high\" decoding=\"async\" width=\"800\" height=\"1000\" src=\"https:\/\/fanprojekt-oldenburg.de\/wp-content\/uploads\/2026\/08\/Ergebnisse-Luebeck-819x1024.jpg\" class=\"\" alt=\"Leiser G\u00e4steblock in L\u00fcbeck &#8211; R\u00fcckblick auf das Spiel beim VfB\" srcset=\"https:\/\/fanprojekt-oldenburg.de\/wp-content\/uploads\/2026\/08\/Ergebnisse-Luebeck-819x1024.jpg 819w, https:\/\/fanprojekt-oldenburg.de\/wp-content\/uploads\/2026\/08\/Ergebnisse-Luebeck-240x300.jpg 240w, https:\/\/fanprojekt-oldenburg.de\/wp-content\/uploads\/2026\/08\/Ergebnisse-Luebeck-768x960.jpg 768w, https:\/\/fanprojekt-oldenburg.de\/wp-content\/uploads\/2026\/08\/Ergebnisse-Luebeck.jpg 1080w\" sizes=\"(max-width: 800px) 100vw, 800px\" \/><\/figure><\/a><\/div><\/div><div class=\"dce-content-area dce-item-area\"><div class=\"dce-item dce-item_title elementor-repeater-item-1a38574\"><h3 class=\"dce-post-title\"><a href=\"https:\/\/fanprojekt-oldenburg.de\/?p=4491\">Leiser G\u00e4steblock in L\u00fcbeck &#8211; R\u00fcckblick auf das Spiel beim VfB<\/a><\/h3><\/div><\/div>\t\t\t<\/div>\n\t\t<\/article>\n\t\t\n\t\t<article class=\"post-4441 post type-post status-publish format-standard has-post-thumbnail hentry category-aktion category-allgemein category-news dce-post dce-post-item dce-item-grid\" data-dce-post-id=\"4441\" data-dce-post-index=\"1\">\n\t\t\t<div class=\"dce-post-block\">\n\t\t<div class=\"dce-image-area dce-item-area\"><div class=\"dce-item dce-item_image elementor-repeater-item-1cc354e\"><a class=\"dce-post-image\" href=\"https:\/\/fanprojekt-oldenburg.de\/?p=4441\"><figure  class=\"dce-img\"><img decoding=\"async\" width=\"800\" height=\"1000\" src=\"https:\/\/fanprojekt-oldenburg.de\/wp-content\/uploads\/2025\/09\/August-819x1024.jpg\" class=\"\" alt=\"Programm im August\" srcset=\"https:\/\/fanprojekt-oldenburg.de\/wp-content\/uploads\/2025\/09\/August-819x1024.jpg 819w, https:\/\/fanprojekt-oldenburg.de\/wp-content\/uploads\/2025\/09\/August-240x300.jpg 240w, https:\/\/fanprojekt-oldenburg.de\/wp-content\/uploads\/2025\/09\/August-768x960.jpg 768w, https:\/\/fanprojekt-oldenburg.de\/wp-content\/uploads\/2025\/09\/August.jpg 1080w\" sizes=\"(max-width: 800px) 100vw, 800px\" \/><\/figure><\/a><\/div><\/div><div class=\"dce-content-area dce-item-area\"><div class=\"dce-item dce-item_title elementor-repeater-item-1a38574\"><h3 class=\"dce-post-title\"><a href=\"https:\/\/fanprojekt-oldenburg.de\/?p=4441\">Programm im August<\/a><\/h3><\/div><\/div>\t\t\t<\/div>\n\t\t<\/article>\n\t\t\n\t\t<article class=\"post-4429 post type-post status-publish format-standard has-post-thumbnail hentry category-aktion category-allgemein category-news tag-auswaertsfahrten tag-fanprojekt-oldenburg tag-fanrechte tag-regionalliga-nord tag-soziale-arbeit-mit-fussballfans tag-u-23-fahrt tag-vfb-oldenburg dce-post dce-post-item dce-item-grid\" data-dce-post-id=\"4429\" data-dce-post-index=\"2\">\n\t\t\t<div class=\"dce-post-block\">\n\t\t<div class=\"dce-image-area dce-item-area\"><div class=\"dce-item dce-item_image elementor-repeater-item-1cc354e\"><a class=\"dce-post-image\" href=\"https:\/\/fanprojekt-oldenburg.de\/?p=4429\"><figure  class=\"dce-img\"><img decoding=\"async\" width=\"800\" height=\"1000\" src=\"https:\/\/fanprojekt-oldenburg.de\/wp-content\/uploads\/2026\/08\/Auswaertsfragebogen-819x1024.jpg\" class=\"\" alt=\"Ausw\u00e4rtsfragebogen\" srcset=\"https:\/\/fanprojekt-oldenburg.de\/wp-content\/uploads\/2026\/08\/Auswaertsfragebogen-819x1024.jpg 819w, https:\/\/fanprojekt-oldenburg.de\/wp-content\/uploads\/2026\/08\/Auswaertsfragebogen-240x300.jpg 240w, https:\/\/fanprojekt-oldenburg.de\/wp-content\/uploads\/2026\/08\/Auswaertsfragebogen-768x960.jpg 768w, https:\/\/fanprojekt-oldenburg.de\/wp-content\/uploads\/2026\/08\/Auswaertsfragebogen.jpg 1080w\" sizes=\"(max-width: 800px) 100vw, 800px\" \/><\/figure><\/a><\/div><\/div><div class=\"dce-content-area dce-item-area\"><div class=\"dce-item dce-item_title elementor-repeater-item-1a38574\"><h3 class=\"dce-post-title\"><a href=\"https:\/\/fanprojekt-oldenburg.de\/?p=4429\">Ausw\u00e4rtsfragebogen<\/a><\/h3><\/div><\/div>\t\t\t<\/div>\n\t\t<\/article>\n\t\t\n\t\t<article class=\"post-4420 post type-post status-publish format-standard has-post-thumbnail hentry category-aktion category-news tag-auswaertsfahrt tag-auswaertsspiel tag-fanprojekt-oldenburg tag-offene-jugendarbeit tag-regionalliga-nord tag-soziale-arbeit-mit-fussballfans tag-treff-fuer-fussballfans tag-u-23-fahrt tag-vfb-oldenburg dce-post dce-post-item dce-item-grid\" data-dce-post-id=\"4420\" data-dce-post-index=\"3\">\n\t\t\t<div class=\"dce-post-block\">\n\t\t<div class=\"dce-image-area dce-item-area\"><div class=\"dce-item dce-item_image elementor-repeater-item-1cc354e\"><a class=\"dce-post-image\" href=\"https:\/\/fanprojekt-oldenburg.de\/?p=4420\"><figure  class=\"dce-img\"><img loading=\"lazy\" decoding=\"async\" width=\"800\" height=\"1000\" src=\"https:\/\/fanprojekt-oldenburg.de\/wp-content\/uploads\/2026\/07\/SVW-819x1024.png\" class=\"\" alt=\"U23-Fahrt zum SV Werder Bremen II\" srcset=\"https:\/\/fanprojekt-oldenburg.de\/wp-content\/uploads\/2026\/07\/SVW-819x1024.png 819w, https:\/\/fanprojekt-oldenburg.de\/wp-content\/uploads\/2026\/07\/SVW-240x300.png 240w, https:\/\/fanprojekt-oldenburg.de\/wp-content\/uploads\/2026\/07\/SVW-768x960.png 768w, https:\/\/fanprojekt-oldenburg.de\/wp-content\/uploads\/2026\/07\/SVW.png 1080w\" sizes=\"(max-width: 800px) 100vw, 800px\" \/><\/figure><\/a><\/div><\/div><div class=\"dce-content-area dce-item-area\"><div class=\"dce-item dce-item_title elementor-repeater-item-1a38574\"><h3 class=\"dce-post-title\"><a href=\"https:\/\/fanprojekt-oldenburg.de\/?p=4420\">U23-Fahrt zum SV Werder Bremen II<\/a><\/h3><\/div><\/div>\t\t\t<\/div>\n\t\t<\/article>\n\t\t\n\t\t<article class=\"post-4410 post type-post status-publish format-standard has-post-thumbnail hentry category-aktion category-news tag-fanprojekt-oldenburg tag-kicktipp tag-kicktipp-oldenburg tag-kicktipp-spiel tag-regionalliga-nord tag-soziale-arbeit-mit-fussballfans tag-vfb-oldenburg dce-post dce-post-item dce-item-grid\" data-dce-post-id=\"4410\" data-dce-post-index=\"4\">\n\t\t\t<div class=\"dce-post-block\">\n\t\t<div class=\"dce-image-area dce-item-area\"><div class=\"dce-item dce-item_image elementor-repeater-item-1cc354e\"><a class=\"dce-post-image\" href=\"https:\/\/fanprojekt-oldenburg.de\/?p=4410\"><figure  class=\"dce-img\"><img loading=\"lazy\" decoding=\"async\" width=\"800\" height=\"1000\" src=\"https:\/\/fanprojekt-oldenburg.de\/wp-content\/uploads\/2026\/08\/Kicktipp-26-27-819x1024.png\" class=\"\" alt=\"Neue Kicktipp-Runde\" srcset=\"https:\/\/fanprojekt-oldenburg.de\/wp-content\/uploads\/2026\/08\/Kicktipp-26-27-819x1024.png 819w, https:\/\/fanprojekt-oldenburg.de\/wp-content\/uploads\/2026\/08\/Kicktipp-26-27-240x300.png 240w, https:\/\/fanprojekt-oldenburg.de\/wp-content\/uploads\/2026\/08\/Kicktipp-26-27-768x960.png 768w, https:\/\/fanprojekt-oldenburg.de\/wp-content\/uploads\/2026\/08\/Kicktipp-26-27.png 1080w\" sizes=\"(max-width: 800px) 100vw, 800px\" \/><\/figure><\/a><\/div><\/div><div class=\"dce-content-area dce-item-area\"><div class=\"dce-item dce-item_title elementor-repeater-item-1a38574\"><h3 class=\"dce-post-title\"><a href=\"https:\/\/fanprojekt-oldenburg.de\/?p=4410\">Neue Kicktipp-Runde<\/a><\/h3><\/div><\/div>\t\t\t<\/div>\n\t\t<\/article>\n\t\t\n\t\t<article class=\"post-4398 post type-post status-publish format-standard hentry category-aktion category-news dce-post dce-post-item dce-item-grid\" data-dce-post-id=\"4398\" data-dce-post-index=\"5\">\n\t\t\t<div class=\"dce-post-block\">\n\t\t<div class=\"dce-image-area dce-item-area\"><div class=\"dce-item dce-item_image elementor-repeater-item-1cc354e\"><\/div><\/div><div class=\"dce-content-area dce-item-area\"><div class=\"dce-item dce-item_title elementor-repeater-item-1a38574\"><h3 class=\"dce-post-title\"><a href=\"https:\/\/fanprojekt-oldenburg.de\/?p=4398\">U27-Fahrt nach G\u00fctersloh<\/a><\/h3><\/div><\/div>\t\t\t<\/div>\n\t\t<\/article>\n\t\t\n\t\t<article class=\"post-4383 post type-post status-publish format-standard has-post-thumbnail hentry category-aktion category-news dce-post dce-post-item dce-item-grid\" data-dce-post-id=\"4383\" data-dce-post-index=\"6\">\n\t\t\t<div class=\"dce-post-block\">\n\t\t<div class=\"dce-image-area dce-item-area\"><div class=\"dce-item dce-item_image elementor-repeater-item-1cc354e\"><a class=\"dce-post-image\" href=\"https:\/\/fanprojekt-oldenburg.de\/?p=4383\"><figure  class=\"dce-img\"><img loading=\"lazy\" decoding=\"async\" width=\"800\" height=\"1000\" src=\"https:\/\/fanprojekt-oldenburg.de\/wp-content\/uploads\/2026\/08\/Hees-819x1024.jpg\" class=\"\" alt=\"U27-Fahrt zum Heeslinger SC\" srcset=\"https:\/\/fanprojekt-oldenburg.de\/wp-content\/uploads\/2026\/08\/Hees-819x1024.jpg 819w, https:\/\/fanprojekt-oldenburg.de\/wp-content\/uploads\/2026\/08\/Hees-240x300.jpg 240w, https:\/\/fanprojekt-oldenburg.de\/wp-content\/uploads\/2026\/08\/Hees-768x960.jpg 768w, https:\/\/fanprojekt-oldenburg.de\/wp-content\/uploads\/2026\/08\/Hees.jpg 1080w\" sizes=\"(max-width: 800px) 100vw, 800px\" \/><\/figure><\/a><\/div><\/div><div class=\"dce-content-area dce-item-area\"><div class=\"dce-item dce-item_title elementor-repeater-item-1a38574\"><h3 class=\"dce-post-title\"><a href=\"https:\/\/fanprojekt-oldenburg.de\/?p=4383\">U27-Fahrt zum Heeslinger SC<\/a><\/h3><\/div><\/div>\t\t\t<\/div>\n\t\t<\/article>\n\t\t\n\t\t<article class=\"post-4378 post type-post status-publish format-standard has-post-thumbnail hentry category-aktion category-allgemein category-news dce-post dce-post-item dce-item-grid\" data-dce-post-id=\"4378\" data-dce-post-index=\"7\">\n\t\t\t<div class=\"dce-post-block\">\n\t\t<div class=\"dce-image-area dce-item-area\"><div class=\"dce-item dce-item_image elementor-repeater-item-1cc354e\"><a class=\"dce-post-image\" href=\"https:\/\/fanprojekt-oldenburg.de\/?p=4378\"><figure  class=\"dce-img\"><img loading=\"lazy\" decoding=\"async\" width=\"800\" height=\"1000\" src=\"https:\/\/fanprojekt-oldenburg.de\/wp-content\/uploads\/2026\/06\/Juli-819x1024.png\" class=\"\" alt=\"Programm im Juli\" srcset=\"https:\/\/fanprojekt-oldenburg.de\/wp-content\/uploads\/2026\/06\/Juli-819x1024.png 819w, https:\/\/fanprojekt-oldenburg.de\/wp-content\/uploads\/2026\/06\/Juli-240x300.png 240w, https:\/\/fanprojekt-oldenburg.de\/wp-content\/uploads\/2026\/06\/Juli-768x960.png 768w, https:\/\/fanprojekt-oldenburg.de\/wp-content\/uploads\/2026\/06\/Juli.png 1080w\" sizes=\"(max-width: 800px) 100vw, 800px\" \/><\/figure><\/a><\/div><\/div><div class=\"dce-content-area dce-item-area\"><div class=\"dce-item dce-item_title elementor-repeater-item-1a38574\"><h3 class=\"dce-post-title\"><a href=\"https:\/\/fanprojekt-oldenburg.de\/?p=4378\">Programm im Juli<\/a><\/h3><\/div><\/div>\t\t\t<\/div>\n\t\t<\/article>\n\t\t\n\t\t<article class=\"post-4369 post type-post status-publish format-standard hentry category-aktion category-news dce-post dce-post-item dce-item-grid\" data-dce-post-id=\"4369\" data-dce-post-index=\"8\">\n\t\t\t<div class=\"dce-post-block\">\n\t\t<div class=\"dce-image-area dce-item-area\"><div class=\"dce-item dce-item_image elementor-repeater-item-1cc354e\"><\/div><\/div><div class=\"dce-content-area dce-item-area\"><div class=\"dce-item dce-item_title elementor-repeater-item-1a38574\"><h3 class=\"dce-post-title\"><a href=\"https:\/\/fanprojekt-oldenburg.de\/?p=4369\">Gewinner unserer Kicktipp-Runde<\/a><\/h3><\/div><\/div>\t\t\t<\/div>\n\t\t<\/article>\n\t\t\n\t\t<article class=\"post-4346 post type-post status-publish format-standard has-post-thumbnail hentry category-aktion category-allgemein category-news category-presse tag-fanprojekt-oldenburg tag-fussballfilme tag-gegengerade-fussballfilm-kulturfestival-nordwest tag-oldenburg tag-oldenburger-faninitivative-e-v tag-vfb-fuer-alle-e-v tag-werkstattfilm-oldenburg tag-zitronenwerk-oldenburg dce-post dce-post-item dce-item-grid\" data-dce-post-id=\"4346\" data-dce-post-index=\"9\">\n\t\t\t<div class=\"dce-post-block\">\n\t\t<div class=\"dce-image-area dce-item-area\"><div class=\"dce-item dce-item_image elementor-repeater-item-1cc354e\"><a class=\"dce-post-image\" href=\"https:\/\/fanprojekt-oldenburg.de\/?p=4346\"><figure  class=\"dce-img\"><img loading=\"lazy\" decoding=\"async\" width=\"800\" height=\"1000\" src=\"https:\/\/fanprojekt-oldenburg.de\/wp-content\/uploads\/2026\/06\/Rueckblick-819x1024.jpg\" class=\"\" alt=\"Gegengerade Festivalr\u00fcckblick 2026\" srcset=\"https:\/\/fanprojekt-oldenburg.de\/wp-content\/uploads\/2026\/06\/Rueckblick-819x1024.jpg 819w, https:\/\/fanprojekt-oldenburg.de\/wp-content\/uploads\/2026\/06\/Rueckblick-240x300.jpg 240w, https:\/\/fanprojekt-oldenburg.de\/wp-content\/uploads\/2026\/06\/Rueckblick-768x960.jpg 768w, https:\/\/fanprojekt-oldenburg.de\/wp-content\/uploads\/2026\/06\/Rueckblick.jpg 1080w\" sizes=\"(max-width: 800px) 100vw, 800px\" \/><\/figure><\/a><\/div><\/div><div class=\"dce-content-area dce-item-area\"><div class=\"dce-item dce-item_title elementor-repeater-item-1a38574\"><h3 class=\"dce-post-title\"><a href=\"https:\/\/fanprojekt-oldenburg.de\/?p=4346\">Gegengerade Festivalr\u00fcckblick 2026<\/a><\/h3><\/div><\/div>\t\t\t<\/div>\n\t\t<\/article>\n\t\t\t\t\t<\/div>\n\t\t\t\t\t<\/div>\n\t\t\t\t\t\t<\/div>\n\t\t\t\t<\/div>\n\t\t\t\t\t<\/div>\n\t\t<\/div>\n\t\t\t\t\t<\/div>\n\t\t<\/section>\n\t\t\t\t<\/div>\n\t\t","protected":false},"excerpt":{"rendered":"<p>Hier findet ihr alle Aktionen, die wir geplant und durchgef\u00fchrt haben oder noch durchf\u00fchren wollen sowie die Monatsprogramme.Die oberste Aktion ist dabei die aktuellste und fand vermutlich noch nicht einmal statt.\u00a0 Also immer flei\u00dfig vorbeischauen und auf dem Laufenden bleiben!\u00a0 U23-Fahrt nach Norderstedt Neue Kicktipp-Runde U23-Fahrt zum Testspiel nach Lotte Monatsprogramm Juli Monatsprogramm Juni Gl\u00fcckwunsch: [&hellip;]<\/p>\n","protected":false},"author":1,"featured_media":0,"parent":0,"menu_order":0,"comment_status":"closed","ping_status":"closed","template":"","meta":{"_acf_changed":false,"footnotes":""},"class_list":["post-195","page","type-page","status-publish","hentry"],"acf":[],"yoast_head":"<!-- This site is optimized with the Yoast SEO plugin v28.4 - https:\/\/yoast.com\/product\/yoast-seo-wordpress\/ -->\n<title>Aktionen &#8212; Fanprojekt Oldenburg<\/title>\n<meta name=\"robots\" content=\"index, follow, max-snippet:-1, max-image-preview:large, max-video-preview:-1\" \/>\n<link rel=\"canonical\" href=\"https:\/\/fanprojekt-oldenburg.de\/?page_id=195\" \/>\n<meta property=\"og:locale\" content=\"de_DE\" \/>\n<meta property=\"og:type\" content=\"article\" \/>\n<meta property=\"og:title\" content=\"Aktionen &#8212; Fanprojekt Oldenburg\" \/>\n<meta property=\"og:description\" content=\"Hier findet ihr alle Aktionen, die wir geplant und durchgef\u00fchrt haben oder noch durchf\u00fchren wollen sowie die Monatsprogramme.Die oberste Aktion ist dabei die aktuellste und fand vermutlich noch nicht einmal statt.\u00a0 Also immer flei\u00dfig vorbeischauen und auf dem Laufenden bleiben!\u00a0 U23-Fahrt nach Norderstedt Neue Kicktipp-Runde U23-Fahrt zum Testspiel nach Lotte Monatsprogramm Juli Monatsprogramm Juni Gl\u00fcckwunsch: [&hellip;]\" \/>\n<meta property=\"og:url\" content=\"https:\/\/fanprojekt-oldenburg.de\/?page_id=195\" \/>\n<meta property=\"og:site_name\" content=\"Fanprojekt Oldenburg\" \/>\n<meta property=\"article:modified_time\" content=\"2024-08-06T12:05:44+00:00\" \/>\n<meta property=\"og:image\" content=\"https:\/\/fanprojekt-oldenburg.de\/wp-content\/uploads\/2024\/08\/Norderstedt-1-1024x1024.jpg\" \/>\n<meta name=\"twitter:card\" content=\"summary_large_image\" \/>\n<meta name=\"twitter:label1\" content=\"Gesch\u00e4tzte Lesezeit\" \/>\n\t<meta name=\"twitter:data1\" content=\"3\u00a0Minuten\" \/>\n<script type=\"application\/ld+json\" class=\"yoast-schema-graph\">{\"@context\":\"https:\\\/\\\/schema.org\",\"@graph\":[{\"@type\":\"WebPage\",\"@id\":\"https:\\\/\\\/fanprojekt-oldenburg.de\\\/?page_id=195\",\"url\":\"https:\\\/\\\/fanprojekt-oldenburg.de\\\/?page_id=195\",\"name\":\"Aktionen &#8212; Fanprojekt Oldenburg\",\"isPartOf\":{\"@id\":\"https:\\\/\\\/fanprojekt-oldenburg.de\\\/#website\"},\"primaryImageOfPage\":{\"@id\":\"https:\\\/\\\/fanprojekt-oldenburg.de\\\/?page_id=195#primaryimage\"},\"image\":{\"@id\":\"https:\\\/\\\/fanprojekt-oldenburg.de\\\/?page_id=195#primaryimage\"},\"thumbnailUrl\":\"https:\\\/\\\/fanprojekt-oldenburg.de\\\/wp-content\\\/uploads\\\/2024\\\/08\\\/Norderstedt-1-1024x1024.jpg\",\"datePublished\":\"2020-03-10T13:54:53+00:00\",\"dateModified\":\"2024-08-06T12:05:44+00:00\",\"breadcrumb\":{\"@id\":\"https:\\\/\\\/fanprojekt-oldenburg.de\\\/?page_id=195#breadcrumb\"},\"inLanguage\":\"de\",\"potentialAction\":[{\"@type\":\"ReadAction\",\"target\":[\"https:\\\/\\\/fanprojekt-oldenburg.de\\\/?page_id=195\"]}]},{\"@type\":\"ImageObject\",\"inLanguage\":\"de\",\"@id\":\"https:\\\/\\\/fanprojekt-oldenburg.de\\\/?page_id=195#primaryimage\",\"url\":\"https:\\\/\\\/fanprojekt-oldenburg.de\\\/wp-content\\\/uploads\\\/2024\\\/08\\\/Norderstedt-1.jpg\",\"contentUrl\":\"https:\\\/\\\/fanprojekt-oldenburg.de\\\/wp-content\\\/uploads\\\/2024\\\/08\\\/Norderstedt-1.jpg\",\"width\":1080,\"height\":1080},{\"@type\":\"BreadcrumbList\",\"@id\":\"https:\\\/\\\/fanprojekt-oldenburg.de\\\/?page_id=195#breadcrumb\",\"itemListElement\":[{\"@type\":\"ListItem\",\"position\":1,\"name\":\"Startseite\",\"item\":\"https:\\\/\\\/fanprojekt-oldenburg.de\\\/\"},{\"@type\":\"ListItem\",\"position\":2,\"name\":\"Aktionen\"}]},{\"@type\":\"WebSite\",\"@id\":\"https:\\\/\\\/fanprojekt-oldenburg.de\\\/#website\",\"url\":\"https:\\\/\\\/fanprojekt-oldenburg.de\\\/\",\"name\":\"Fanprojekt Oldenburg\",\"description\":\"Soziale Arbeit mit Fu\u00dfballfans in Oldenburg\",\"publisher\":{\"@id\":\"https:\\\/\\\/fanprojekt-oldenburg.de\\\/#organization\"},\"potentialAction\":[{\"@type\":\"SearchAction\",\"target\":{\"@type\":\"EntryPoint\",\"urlTemplate\":\"https:\\\/\\\/fanprojekt-oldenburg.de\\\/?s={search_term_string}\"},\"query-input\":{\"@type\":\"PropertyValueSpecification\",\"valueRequired\":true,\"valueName\":\"search_term_string\"}}],\"inLanguage\":\"de\"},{\"@type\":\"Organization\",\"@id\":\"https:\\\/\\\/fanprojekt-oldenburg.de\\\/#organization\",\"name\":\"Fanprojekt Oldenburg\",\"url\":\"https:\\\/\\\/fanprojekt-oldenburg.de\\\/\",\"logo\":{\"@type\":\"ImageObject\",\"inLanguage\":\"de\",\"@id\":\"https:\\\/\\\/fanprojekt-oldenburg.de\\\/#\\\/schema\\\/logo\\\/image\\\/\",\"url\":\"https:\\\/\\\/fanprojekt-oldenburg.de\\\/wp-content\\\/uploads\\\/2020\\\/09\\\/apple-touch-icon.png\",\"contentUrl\":\"https:\\\/\\\/fanprojekt-oldenburg.de\\\/wp-content\\\/uploads\\\/2020\\\/09\\\/apple-touch-icon.png\",\"width\":512,\"height\":512,\"caption\":\"Fanprojekt Oldenburg\"},\"image\":{\"@id\":\"https:\\\/\\\/fanprojekt-oldenburg.de\\\/#\\\/schema\\\/logo\\\/image\\\/\"},\"sameAs\":[\"https:\\\/\\\/www.instagram.com\\\/fanprojekt_oldenburg\\\/\"]}]}<\/script>\n<!-- \/ Yoast SEO plugin. -->","yoast_head_json":{"title":"Aktionen &#8212; Fanprojekt Oldenburg","robots":{"index":"index","follow":"follow","max-snippet":"max-snippet:-1","max-image-preview":"max-image-preview:large","max-video-preview":"max-video-preview:-1"},"canonical":"https:\/\/fanprojekt-oldenburg.de\/?page_id=195","og_locale":"de_DE","og_type":"article","og_title":"Aktionen &#8212; Fanprojekt Oldenburg","og_description":"Hier findet ihr alle Aktionen, die wir geplant und durchgef\u00fchrt haben oder noch durchf\u00fchren wollen sowie die Monatsprogramme.Die oberste Aktion ist dabei die aktuellste und fand vermutlich noch nicht einmal statt.\u00a0 Also immer flei\u00dfig vorbeischauen und auf dem Laufenden bleiben!\u00a0 U23-Fahrt nach Norderstedt Neue Kicktipp-Runde U23-Fahrt zum Testspiel nach Lotte Monatsprogramm Juli Monatsprogramm Juni Gl\u00fcckwunsch: [&hellip;]","og_url":"https:\/\/fanprojekt-oldenburg.de\/?page_id=195","og_site_name":"Fanprojekt Oldenburg","article_modified_time":"2024-08-06T12:05:44+00:00","og_image":[{"url":"https:\/\/fanprojekt-oldenburg.de\/wp-content\/uploads\/2024\/08\/Norderstedt-1-1024x1024.jpg","type":"","width":"","height":""}],"twitter_card":"summary_large_image","twitter_misc":{"Gesch\u00e4tzte Lesezeit":"3\u00a0Minuten"},"schema":{"@context":"https:\/\/schema.org","@graph":[{"@type":"WebPage","@id":"https:\/\/fanprojekt-oldenburg.de\/?page_id=195","url":"https:\/\/fanprojekt-oldenburg.de\/?page_id=195","name":"Aktionen &#8212; Fanprojekt Oldenburg","isPartOf":{"@id":"https:\/\/fanprojekt-oldenburg.de\/#website"},"primaryImageOfPage":{"@id":"https:\/\/fanprojekt-oldenburg.de\/?page_id=195#primaryimage"},"image":{"@id":"https:\/\/fanprojekt-oldenburg.de\/?page_id=195#primaryimage"},"thumbnailUrl":"https:\/\/fanprojekt-oldenburg.de\/wp-content\/uploads\/2024\/08\/Norderstedt-1-1024x1024.jpg","datePublished":"2020-03-10T13:54:53+00:00","dateModified":"2024-08-06T12:05:44+00:00","breadcrumb":{"@id":"https:\/\/fanprojekt-oldenburg.de\/?page_id=195#breadcrumb"},"inLanguage":"de","potentialAction":[{"@type":"ReadAction","target":["https:\/\/fanprojekt-oldenburg.de\/?page_id=195"]}]},{"@type":"ImageObject","inLanguage":"de","@id":"https:\/\/fanprojekt-oldenburg.de\/?page_id=195#primaryimage","url":"https:\/\/fanprojekt-oldenburg.de\/wp-content\/uploads\/2024\/08\/Norderstedt-1.jpg","contentUrl":"https:\/\/fanprojekt-oldenburg.de\/wp-content\/uploads\/2024\/08\/Norderstedt-1.jpg","width":1080,"height":1080},{"@type":"BreadcrumbList","@id":"https:\/\/fanprojekt-oldenburg.de\/?page_id=195#breadcrumb","itemListElement":[{"@type":"ListItem","position":1,"name":"Startseite","item":"https:\/\/fanprojekt-oldenburg.de\/"},{"@type":"ListItem","position":2,"name":"Aktionen"}]},{"@type":"WebSite","@id":"https:\/\/fanprojekt-oldenburg.de\/#website","url":"https:\/\/fanprojekt-oldenburg.de\/","name":"Fanprojekt Oldenburg","description":"Soziale Arbeit mit Fu\u00dfballfans in Oldenburg","publisher":{"@id":"https:\/\/fanprojekt-oldenburg.de\/#organization"},"potentialAction":[{"@type":"SearchAction","target":{"@type":"EntryPoint","urlTemplate":"https:\/\/fanprojekt-oldenburg.de\/?s={search_term_string}"},"query-input":{"@type":"PropertyValueSpecification","valueRequired":true,"valueName":"search_term_string"}}],"inLanguage":"de"},{"@type":"Organization","@id":"https:\/\/fanprojekt-oldenburg.de\/#organization","name":"Fanprojekt Oldenburg","url":"https:\/\/fanprojekt-oldenburg.de\/","logo":{"@type":"ImageObject","inLanguage":"de","@id":"https:\/\/fanprojekt-oldenburg.de\/#\/schema\/logo\/image\/","url":"https:\/\/fanprojekt-oldenburg.de\/wp-content\/uploads\/2020\/09\/apple-touch-icon.png","contentUrl":"https:\/\/fanprojekt-oldenburg.de\/wp-content\/uploads\/2020\/09\/apple-touch-icon.png","width":512,"height":512,"caption":"Fanprojekt Oldenburg"},"image":{"@id":"https:\/\/fanprojekt-oldenburg.de\/#\/schema\/logo\/image\/"},"sameAs":["https:\/\/www.instagram.com\/fanprojekt_oldenburg\/"]}]}},"_links":{"self":[{"href":"https:\/\/fanprojekt-oldenburg.de\/index.php?rest_route=\/wp\/v2\/pages\/195","targetHints":{"allow":["GET"]}}],"collection":[{"href":"https:\/\/fanprojekt-oldenburg.de\/index.php?rest_route=\/wp\/v2\/pages"}],"about":[{"href":"https:\/\/fanprojekt-oldenburg.de\/index.php?rest_route=\/wp\/v2\/types\/page"}],"author":[{"embeddable":true,"href":"https:\/\/fanprojekt-oldenburg.de\/index.php?rest_route=\/wp\/v2\/users\/1"}],"replies":[{"embeddable":true,"href":"https:\/\/fanprojekt-oldenburg.de\/index.php?rest_route=%2Fwp%2Fv2%2Fcomments&post=195"}],"version-history":[{"count":20,"href":"https:\/\/fanprojekt-oldenburg.de\/index.php?rest_route=\/wp\/v2\/pages\/195\/revisions"}],"predecessor-version":[{"id":3438,"href":"https:\/\/fanprojekt-oldenburg.de\/index.php?rest_route=\/wp\/v2\/pages\/195\/revisions\/3438"}],"wp:attachment":[{"href":"https:\/\/fanprojekt-oldenburg.de\/index.php?rest_route=%2Fwp%2Fv2%2Fmedia&parent=195"}],"curies":[{"name":"wp","href":"https:\/\/api.w.org\/{rel}","templated":true}]}}